{"id":81,"date":"2024-03-05T09:20:57","date_gmt":"2024-03-05T08:20:57","guid":{"rendered":"https:\/\/www.gestoria-barcelona.es\/?page_id=81"},"modified":"2024-05-16T15:26:27","modified_gmt":"2024-05-16T13:26:27","slug":"cabinet-comptable-barcelone","status":"publish","type":"page","link":"https:\/\/www.gestoria-barcelona.es\/fr\/cabinet-comptable-barcelone\/","title":{"rendered":"Cabinet comptable Barcelone"},"content":{"rendered":"\t\t<div data-elementor-type=\"wp-page\" data-elementor-id=\"81\" class=\"elementor elementor-81\" data-elementor-post-type=\"page\">\n\t\t\t\t<div data-particle_enable=\"false\" data-particle-mobile-disabled=\"false\" class=\"elementor-element elementor-element-dfdb05a e-con-full e-flex e-con e-parent\" data-id=\"dfdb05a\" data-element_type=\"container\" data-e-type=\"container\" data-settings=\"{&quot;background_background&quot;:&quot;classic&quot;}\">\n\t\t<div data-particle_enable=\"false\" data-particle-mobile-disabled=\"false\" class=\"elementor-element elementor-element-fdbe2ee e-con-full e-flex e-con e-child\" data-id=\"fdbe2ee\" data-element_type=\"container\" data-e-type=\"container\" data-settings=\"{&quot;background_background&quot;:&quot;classic&quot;}\">\n\t\t\t\t<div class=\"elementor-element elementor-element-bcf7b13 elementor-widget elementor-widget-heading\" data-id=\"bcf7b13\" data-element_type=\"widget\" data-e-type=\"widget\" data-widget_type=\"heading.default\">\n\t\t\t\t<div class=\"elementor-widget-container\">\n\t\t\t\t\t<h2 class=\"elementor-heading-title elementor-size-default\">Cabinet comptable Barcelone<\/h2>\t\t\t\t<\/div>\n\t\t\t\t<\/div>\n\t\t\t\t<div class=\"elementor-element elementor-element-80f23d8 elementor-widget elementor-widget-text-editor\" data-id=\"80f23d8\" data-element_type=\"widget\" data-e-type=\"widget\" data-widget_type=\"text-editor.default\">\n\t\t\t\t<div class=\"elementor-widget-container\">\n\t\t\t\t\t\t\t\t\t<p>Bien g\u00e9rer les affaires<\/p>\t\t\t\t\t\t\t\t<\/div>\n\t\t\t\t<\/div>\n\t\t\t\t<div class=\"elementor-element elementor-element-efa77ba elementor-align-center elementor-widget elementor-widget-button\" data-id=\"efa77ba\" data-element_type=\"widget\" data-e-type=\"widget\" data-widget_type=\"button.default\">\n\t\t\t\t<div class=\"elementor-widget-container\">\n\t\t\t\t\t\t\t\t\t<div class=\"elementor-button-wrapper\">\n\t\t\t\t\t<a class=\"elementor-button elementor-button-link elementor-size-lg elementor-animation-grow\" href=\"#\">\n\t\t\t\t\t\t<span class=\"elementor-button-content-wrapper\">\n\t\t\t\t\t\t<span class=\"elementor-button-icon\">\n\t\t\t\t<svg aria-hidden=\"true\" class=\"e-font-icon-svg e-far-arrow-alt-circle-right\" viewBox=\"0 0 512 512\" xmlns=\"http:\/\/www.w3.org\/2000\/svg\"><path d=\"M504 256C504 119 393 8 256 8S8 119 8 256s111 248 248 248 248-111 248-248zm-448 0c0-110.5 89.5-200 200-200s200 89.5 200 200-89.5 200-200 200S56 366.5 56 256zm72 20v-40c0-6.6 5.4-12 12-12h116v-67c0-10.7 12.9-16 20.5-8.5l99 99c4.7 4.7 4.7 12.3 0 17l-99 99c-7.6 7.6-20.5 2.2-20.5-8.5v-67H140c-6.6 0-12-5.4-12-12z\"><\/path><\/svg>\t\t\t<\/span>\n\t\t\t\t\t\t\t\t\t<span class=\"elementor-button-text\">CONTACTEZ-NOUS<\/span>\n\t\t\t\t\t<\/span>\n\t\t\t\t\t<\/a>\n\t\t\t\t<\/div>\n\t\t\t\t\t\t\t\t<\/div>\n\t\t\t\t<\/div>\n\t\t\t\t<\/div>\n\t\t<div data-particle_enable=\"false\" data-particle-mobile-disabled=\"false\" class=\"elementor-element elementor-element-5675d87 e-con-full e-flex e-con e-child\" data-id=\"5675d87\" data-element_type=\"container\" data-e-type=\"container\" data-settings=\"{&quot;background_background&quot;:&quot;classic&quot;}\">\n\t\t\t\t<\/div>\n\t\t\t\t<\/div>\n\t\t<div data-particle_enable=\"false\" data-particle-mobile-disabled=\"false\" class=\"elementor-element elementor-element-0f71b49 e-flex e-con-boxed e-con e-parent\" data-id=\"0f71b49\" data-element_type=\"container\" data-e-type=\"container\" data-settings=\"{&quot;background_background&quot;:&quot;classic&quot;}\">\n\t\t\t\t\t<div class=\"e-con-inner\">\n\t\t\t\t<div class=\"elementor-element elementor-element-0eacdf8 elementor-widget elementor-widget-heading\" data-id=\"0eacdf8\" data-element_type=\"widget\" data-e-type=\"widget\" data-widget_type=\"heading.default\">\n\t\t\t\t<div class=\"elementor-widget-container\">\n\t\t\t\t\t<h2 class=\"elementor-heading-title elementor-size-default\">Les services propos\u00e9s par un cabinet comptable \u00e0 Barcelone\n<\/h2>\t\t\t\t<\/div>\n\t\t\t\t<\/div>\n\t\t\t\t<div class=\"elementor-element elementor-element-35c0fe6 elementor-widget elementor-widget-text-editor\" data-id=\"35c0fe6\" data-element_type=\"widget\" data-e-type=\"widget\" data-widget_type=\"text-editor.default\">\n\t\t\t\t<div class=\"elementor-widget-container\">\n\t\t\t\t\t\t\t\t\t<p>Bienvenue dans le monde de la\u00a0gestion financi\u00e8re\u00a0\u00e0 Barcelone, o\u00f9 notre cabinet comptable s&rsquo;\u00e9rige en partenaire incontournable pour vous accompagner dans la r\u00e9ussite de votre entreprise. Situ\u00e9 au c\u0153ur de cette ville dynamique, notre cabinet s&rsquo;engage \u00e0 fournir des\u00a0<strong>services comptables\u00a0<\/strong>complets. Nous r\u00e9pondons aux besoins vari\u00e9s et complexes des entreprises op\u00e9rant dans cet environnement catalan unique.<\/p>\t\t\t\t\t\t\t\t<\/div>\n\t\t\t\t<\/div>\n\t\t\t\t\t<\/div>\n\t\t\t\t<\/div>\n\t\t<div data-particle_enable=\"false\" data-particle-mobile-disabled=\"false\" class=\"elementor-element elementor-element-d34f27e e-flex e-con-boxed e-con e-parent\" data-id=\"d34f27e\" data-element_type=\"container\" data-e-type=\"container\" data-settings=\"{&quot;background_background&quot;:&quot;classic&quot;}\">\n\t\t\t\t\t<div class=\"e-con-inner\">\n\t\t<div data-particle_enable=\"false\" data-particle-mobile-disabled=\"false\" class=\"elementor-element elementor-element-895d658 e-con-full e-flex e-con e-child\" data-id=\"895d658\" data-element_type=\"container\" data-e-type=\"container\">\n\t\t\t\t<div class=\"elementor-element elementor-element-ea131d6 elementor-widget elementor-widget-heading\" data-id=\"ea131d6\" data-element_type=\"widget\" data-e-type=\"widget\" data-widget_type=\"heading.default\">\n\t\t\t\t<div class=\"elementor-widget-container\">\n\t\t\t\t\t<h2 class=\"elementor-heading-title elementor-size-default\">Large gamme de services comptables<\/h2>\t\t\t\t<\/div>\n\t\t\t\t<\/div>\n\t\t\t\t<div class=\"elementor-element elementor-element-5bf1787 elementor-widget elementor-widget-text-editor\" data-id=\"5bf1787\" data-element_type=\"widget\" data-e-type=\"widget\" data-widget_type=\"text-editor.default\">\n\t\t\t\t<div class=\"elementor-widget-container\">\n\t\t\t\t\t\t\t\t\tDans la sc\u00e8ne \u00e9conomique de Barcelone, notre cabinet comptable se distingue par une palette compl\u00e8te de services. De la gestion quotidienne des transactions \u00e0 la planification fiscale strat\u00e9gique, notre \u00e9quipe comp\u00e9tente est arm\u00e9e pour relever tous les d\u00e9fis comptables. Nous sommes bien plus qu&rsquo;un simple cabinet comptable, nous sommes vos partenaires d\u00e9vou\u00e9s dans les m\u00e9andres de la\u00a0<strong>comptabilit\u00e9<\/strong>. Nous proposons des solutions sur mesure pour chaque \u00e9tape de votre parcours financier.\n<a href=\"https:\/\/www.gestoria-barcelona.es\/\" style=\"color:#D10C2A;\">Gestion \u00e0 Barcelone<\/a> propose une expertise locale et des solutions personnalis\u00e9es pour optimiser la performance financi\u00e8re des entreprises.\t\t\t\t\t\t\t\t<\/div>\n\t\t\t\t<\/div>\n\t\t\t\t<\/div>\n\t\t<div data-particle_enable=\"false\" data-particle-mobile-disabled=\"false\" class=\"elementor-element elementor-element-8a6eec7 e-con-full e-flex e-con e-child\" data-id=\"8a6eec7\" data-element_type=\"container\" data-e-type=\"container\">\n\t\t\t\t<div class=\"elementor-element elementor-element-476e7b2 elementor-widget elementor-widget-image\" data-id=\"476e7b2\" data-element_type=\"widget\" data-e-type=\"widget\" data-widget_type=\"image.default\">\n\t\t\t\t<div class=\"elementor-widget-container\">\n\t\t\t\t\t\t\t\t\t\t\t\t\t\t\t<img fetchpriority=\"high\" decoding=\"async\" width=\"2560\" height=\"1520\" src=\"https:\/\/www.gestoria-barcelona.es\/wp-content\/uploads\/2024\/03\/P2P2-min-scaled.jpg\" class=\"attachment-full size-full wp-image-90\" alt=\"\" srcset=\"https:\/\/www.gestoria-barcelona.es\/wp-content\/uploads\/2024\/03\/P2P2-min-scaled.jpg 2560w, https:\/\/www.gestoria-barcelona.es\/wp-content\/uploads\/2024\/03\/P2P2-min-300x178.jpg 300w, https:\/\/www.gestoria-barcelona.es\/wp-content\/uploads\/2024\/03\/P2P2-min-1024x608.jpg 1024w, https:\/\/www.gestoria-barcelona.es\/wp-content\/uploads\/2024\/03\/P2P2-min-768x456.jpg 768w, https:\/\/www.gestoria-barcelona.es\/wp-content\/uploads\/2024\/03\/P2P2-min-1536x912.jpg 1536w, https:\/\/www.gestoria-barcelona.es\/wp-content\/uploads\/2024\/03\/P2P2-min-2048x1216.jpg 2048w, https:\/\/www.gestoria-barcelona.es\/wp-content\/uploads\/2024\/03\/P2P2-min-1568x931.jpg 1568w\" sizes=\"(max-width: 2560px) 100vw, 2560px\" style=\"width:100%;height:59.38%;max-width:2560px\" \/>\t\t\t\t\t\t\t\t\t\t\t\t\t\t\t<\/div>\n\t\t\t\t<\/div>\n\t\t\t\t<\/div>\n\t\t\t\t\t<\/div>\n\t\t\t\t<\/div>\n\t\t<div data-particle_enable=\"false\" data-particle-mobile-disabled=\"false\" class=\"elementor-element elementor-element-5d05b4f e-flex e-con-boxed e-con e-parent\" data-id=\"5d05b4f\" data-element_type=\"container\" data-e-type=\"container\" data-settings=\"{&quot;background_background&quot;:&quot;classic&quot;}\">\n\t\t\t\t\t<div class=\"e-con-inner\">\n\t\t<div data-particle_enable=\"false\" data-particle-mobile-disabled=\"false\" class=\"elementor-element elementor-element-0ded912 e-con-full e-flex e-con e-child\" data-id=\"0ded912\" data-element_type=\"container\" data-e-type=\"container\">\n\t\t\t\t<div class=\"elementor-element elementor-element-cb34533 elementor-widget elementor-widget-heading\" data-id=\"cb34533\" data-element_type=\"widget\" data-e-type=\"widget\" data-widget_type=\"heading.default\">\n\t\t\t\t<div class=\"elementor-widget-container\">\n\t\t\t\t\t<h2 class=\"elementor-heading-title elementor-size-default\">Approche collaborative<\/h2>\t\t\t\t<\/div>\n\t\t\t\t<\/div>\n\t\t\t\t<div class=\"elementor-element elementor-element-f0508e6 elementor-widget elementor-widget-text-editor\" data-id=\"f0508e6\" data-element_type=\"widget\" data-e-type=\"widget\" data-widget_type=\"text-editor.default\">\n\t\t\t\t<div class=\"elementor-widget-container\">\n\t\t\t\t\t\t\t\t\t<p>Chez nous, la r\u00e9ussite financi\u00e8re de votre entreprise est le fruit d&rsquo;une approche collaborative. Nous croyons en la puissance de la communication ouverte et de la collaboration \u00e9troite avec nos clients. En travaillant main dans la main, nous comprenons les nuances sp\u00e9cifiques de votre entreprise. Nous vous pr\u00e9sentons donc des conseils comptables adapt\u00e9s \u00e0 vos besoins uniques. Notre politique de transparence et de coop\u00e9ration garantit des r\u00e9sultats comptables optimaux et une relation de confiance durable.<\/p><div>\u00a0<\/div>\t\t\t\t\t\t\t\t<\/div>\n\t\t\t\t<\/div>\n\t\t\t\t<\/div>\n\t\t<div data-particle_enable=\"false\" data-particle-mobile-disabled=\"false\" class=\"elementor-element elementor-element-f7d1159 e-con-full e-flex e-con e-child\" data-id=\"f7d1159\" data-element_type=\"container\" data-e-type=\"container\">\n\t\t\t\t<div class=\"elementor-element elementor-element-41eec28 elementor-widget elementor-widget-image\" data-id=\"41eec28\" data-element_type=\"widget\" data-e-type=\"widget\" data-widget_type=\"image.default\">\n\t\t\t\t<div class=\"elementor-widget-container\">\n\t\t\t\t\t\t\t\t\t\t\t\t\t\t\t<img decoding=\"async\" width=\"750\" height=\"500\" src=\"https:\/\/www.gestoria-barcelona.es\/wp-content\/uploads\/2024\/03\/extra-1-1024x683.jpg\" class=\"attachment-large size-large wp-image-91\" alt=\"\" srcset=\"https:\/\/www.gestoria-barcelona.es\/wp-content\/uploads\/2024\/03\/extra-1-1024x683.jpg 1024w, https:\/\/www.gestoria-barcelona.es\/wp-content\/uploads\/2024\/03\/extra-1-300x200.jpg 300w, https:\/\/www.gestoria-barcelona.es\/wp-content\/uploads\/2024\/03\/extra-1-768x513.jpg 768w, https:\/\/www.gestoria-barcelona.es\/wp-content\/uploads\/2024\/03\/extra-1-1536x1025.jpg 1536w, https:\/\/www.gestoria-barcelona.es\/wp-content\/uploads\/2024\/03\/extra-1-2048x1367.jpg 2048w, https:\/\/www.gestoria-barcelona.es\/wp-content\/uploads\/2024\/03\/extra-1-1568x1046.jpg 1568w\" sizes=\"(max-width: 750px) 100vw, 750px\" style=\"width:100%;height:66.76%;max-width:2560px\" \/>\t\t\t\t\t\t\t\t\t\t\t\t\t\t\t<\/div>\n\t\t\t\t<\/div>\n\t\t\t\t<\/div>\n\t\t\t\t\t<\/div>\n\t\t\t\t<\/div>\n\t\t<div data-particle_enable=\"false\" data-particle-mobile-disabled=\"false\" class=\"elementor-element elementor-element-a64f424 e-flex e-con-boxed e-con e-parent\" data-id=\"a64f424\" data-element_type=\"container\" data-e-type=\"container\" data-settings=\"{&quot;background_background&quot;:&quot;classic&quot;}\">\n\t\t\t\t\t<div class=\"e-con-inner\">\n\t\t\t\t<div class=\"elementor-element elementor-element-e9653d9 elementor-widget elementor-widget-heading\" data-id=\"e9653d9\" data-element_type=\"widget\" data-e-type=\"widget\" data-widget_type=\"heading.default\">\n\t\t\t\t<div class=\"elementor-widget-container\">\n\t\t\t\t\t<h2 class=\"elementor-heading-title elementor-size-default\">Les avantages de faire appel \u00e0 un cabinet comptable \u00e0 Barcelone<\/h2>\t\t\t\t<\/div>\n\t\t\t\t<\/div>\n\t\t\t\t<div class=\"elementor-element elementor-element-924651b elementor-widget elementor-widget-text-editor\" data-id=\"924651b\" data-element_type=\"widget\" data-e-type=\"widget\" data-widget_type=\"text-editor.default\">\n\t\t\t\t<div class=\"elementor-widget-container\">\n\t\t\t\t\t\t\t\t\t<p>Faire appel \u00e0 notre cabinet comptable avance une multitude d&rsquo;avantages pour les entreprises cherchant \u00e0 prosp\u00e9rer en\u00a0Espagne\u00a0:<\/p>\t\t\t\t\t\t\t\t<\/div>\n\t\t\t\t<\/div>\n\t\t\t\t\t<\/div>\n\t\t\t\t<\/div>\n\t\t<div data-particle_enable=\"false\" data-particle-mobile-disabled=\"false\" class=\"elementor-element elementor-element-8ded2e3 e-flex e-con-boxed e-con e-parent\" data-id=\"8ded2e3\" data-element_type=\"container\" data-e-type=\"container\" data-settings=\"{&quot;background_background&quot;:&quot;classic&quot;}\">\n\t\t\t\t\t<div class=\"e-con-inner\">\n\t\t<div data-particle_enable=\"false\" data-particle-mobile-disabled=\"false\" class=\"elementor-element elementor-element-fd40510 e-con-full animated-slow e-flex elementor-invisible e-con e-child\" data-id=\"fd40510\" data-element_type=\"container\" data-e-type=\"container\" data-settings=\"{&quot;animation&quot;:&quot;fadeInUp&quot;,&quot;animation_delay&quot;:150}\">\n\t\t\t\t<div class=\"elementor-element elementor-element-c2b1296 elementor-widget elementor-widget-icon-box\" data-id=\"c2b1296\" data-element_type=\"widget\" data-e-type=\"widget\" data-widget_type=\"icon-box.default\">\n\t\t\t\t<div class=\"elementor-widget-container\">\n\t\t\t\t\t\t\t<div class=\"elementor-icon-box-wrapper\">\n\n\t\t\t\n\t\t\t\t\t\t<div class=\"elementor-icon-box-content\">\n\n\t\t\t\t\t\t\t\t\t<h3 class=\"elementor-icon-box-title\">\n\t\t\t\t\t\t<span  >\n\t\t\t\t\t\t\tUne expertise locale \t\t\t\t\t\t<\/span>\n\t\t\t\t\t<\/h3>\n\t\t\t\t\n\t\t\t\t\t\t\t\t\t<p class=\"elementor-icon-box-description\">\n\t\t\t\t\t\tun cabinet comptable Barcelone poss\u00e8de une connaissance approfondie du\u00a0syst\u00e8me fiscal\u00a0espagnol et des r\u00e9glementations locales\u00a0\n\t\t\t\t\t<\/p>\n\t\t\t\t\n\t\t\t<\/div>\n\t\t\t\n\t\t<\/div>\n\t\t\t\t\t\t<\/div>\n\t\t\t\t<\/div>\n\t\t\t\t<\/div>\n\t\t<div data-particle_enable=\"false\" data-particle-mobile-disabled=\"false\" class=\"elementor-element elementor-element-1da8844 e-con-full animated-slow e-flex elementor-invisible e-con e-child\" data-id=\"1da8844\" data-element_type=\"container\" data-e-type=\"container\" data-settings=\"{&quot;animation&quot;:&quot;fadeInUp&quot;,&quot;animation_delay&quot;:150}\">\n\t\t\t\t<div class=\"elementor-element elementor-element-41fdf53 elementor-widget elementor-widget-icon-box\" data-id=\"41fdf53\" data-element_type=\"widget\" data-e-type=\"widget\" data-widget_type=\"icon-box.default\">\n\t\t\t\t<div class=\"elementor-widget-container\">\n\t\t\t\t\t\t\t<div class=\"elementor-icon-box-wrapper\">\n\n\t\t\t\n\t\t\t\t\t\t<div class=\"elementor-icon-box-content\">\n\n\t\t\t\t\t\t\t\t\t<h3 class=\"elementor-icon-box-title\">\n\t\t\t\t\t\t<span  >\n\t\t\t\t\t\t\tConseils fiscaux strat\u00e9giques\t\t\t\t\t\t<\/span>\n\t\t\t\t\t<\/h3>\n\t\t\t\t\n\t\t\t\t\t\t\t\t\t<p class=\"elementor-icon-box-description\">\n\t\t\t\t\t\taidant les entreprises \u00e0 maximiser les avantages fiscaux disponibles et \u00e0 minimiser les charges fiscales\u00a0\t\t\t\t\t<\/p>\n\t\t\t\t\n\t\t\t<\/div>\n\t\t\t\n\t\t<\/div>\n\t\t\t\t\t\t<\/div>\n\t\t\t\t<\/div>\n\t\t\t\t<\/div>\n\t\t<div data-particle_enable=\"false\" data-particle-mobile-disabled=\"false\" class=\"elementor-element elementor-element-e077257 e-con-full animated-slow e-flex elementor-invisible e-con e-child\" data-id=\"e077257\" data-element_type=\"container\" data-e-type=\"container\" data-settings=\"{&quot;animation&quot;:&quot;fadeInUp&quot;,&quot;animation_delay&quot;:150}\">\n\t\t\t\t<div class=\"elementor-element elementor-element-66d4478 elementor-widget elementor-widget-icon-box\" data-id=\"66d4478\" data-element_type=\"widget\" data-e-type=\"widget\" data-widget_type=\"icon-box.default\">\n\t\t\t\t<div class=\"elementor-widget-container\">\n\t\t\t\t\t\t\t<div class=\"elementor-icon-box-wrapper\">\n\n\t\t\t\n\t\t\t\t\t\t<div class=\"elementor-icon-box-content\">\n\n\t\t\t\t\t\t\t\t\t<h3 class=\"elementor-icon-box-title\">\n\t\t\t\t\t\t<span  >\n\t\t\t\t\t\t\tGestion comptable quotidienne \t\t\t\t\t\t<\/span>\n\t\t\t\t\t<\/h3>\n\t\t\t\t\n\t\t\t\t\t\t\t\t\t<p class=\"elementor-icon-box-description\">\n\t\t\t\t\t\tle cabinet prend en charge la gestion quotidienne des transactions, des factures et de la\u00a0comptabilit\u00e9 g\u00e9n\u00e9rale\u00a0\n\t\t\t\t\t<\/p>\n\t\t\t\t\n\t\t\t<\/div>\n\t\t\t\n\t\t<\/div>\n\t\t\t\t\t\t<\/div>\n\t\t\t\t<\/div>\n\t\t\t\t<\/div>\n\t\t<div data-particle_enable=\"false\" data-particle-mobile-disabled=\"false\" class=\"elementor-element elementor-element-7c71bbf e-con-full animated-slow e-flex elementor-invisible e-con e-child\" data-id=\"7c71bbf\" data-element_type=\"container\" data-e-type=\"container\" data-settings=\"{&quot;animation&quot;:&quot;fadeInUp&quot;,&quot;animation_delay&quot;:150}\">\n\t\t\t\t<div class=\"elementor-element elementor-element-5f82d68 elementor-widget elementor-widget-icon-box\" data-id=\"5f82d68\" data-element_type=\"widget\" data-e-type=\"widget\" data-widget_type=\"icon-box.default\">\n\t\t\t\t<div class=\"elementor-widget-container\">\n\t\t\t\t\t\t\t<div class=\"elementor-icon-box-wrapper\">\n\n\t\t\t\n\t\t\t\t\t\t<div class=\"elementor-icon-box-content\">\n\n\t\t\t\t\t\t\t\t\t<h3 class=\"elementor-icon-box-title\">\n\t\t\t\t\t\t<span  >\n\t\t\t\t\t\t\tAccompagnement dans la cr\u00e9ation de\u00a0soci\u00e9t\u00e9s\u00a0\t\t\t\t\t\t<\/span>\n\t\t\t\t\t<\/h3>\n\t\t\t\t\n\t\t\t\t\t\t\t\t\t<p class=\"elementor-icon-box-description\">\n\t\t\t\t\t\tpour les nouvelles entreprises, le cabinet comptable Barcelone apporte un soutien important\u00a0\t\t\t\t\t<\/p>\n\t\t\t\t\n\t\t\t<\/div>\n\t\t\t\n\t\t<\/div>\n\t\t\t\t\t\t<\/div>\n\t\t\t\t<\/div>\n\t\t\t\t<\/div>\n\t\t<div data-particle_enable=\"false\" data-particle-mobile-disabled=\"false\" class=\"elementor-element elementor-element-ced87fd e-con-full animated-slow e-flex elementor-invisible e-con e-child\" data-id=\"ced87fd\" data-element_type=\"container\" data-e-type=\"container\" data-settings=\"{&quot;animation&quot;:&quot;fadeInUp&quot;,&quot;animation_delay&quot;:150}\">\n\t\t\t\t<div class=\"elementor-element elementor-element-2bee397 elementor-widget elementor-widget-icon-box\" data-id=\"2bee397\" data-element_type=\"widget\" data-e-type=\"widget\" data-widget_type=\"icon-box.default\">\n\t\t\t\t<div class=\"elementor-widget-container\">\n\t\t\t\t\t\t\t<div class=\"elementor-icon-box-wrapper\">\n\n\t\t\t\n\t\t\t\t\t\t<div class=\"elementor-icon-box-content\">\n\n\t\t\t\t\t\t\t\t\t<h3 class=\"elementor-icon-box-title\">\n\t\t\t\t\t\t<span  >\n\t\t\t\t\t\t\tR\u00e9duction des risques financiers \t\t\t\t\t\t<\/span>\n\t\t\t\t\t<\/h3>\n\t\t\t\t\n\t\t\t\t\t\t\t\t\t<p class=\"elementor-icon-box-description\">\n\t\t\t\t\t\tles\u00a0experts-comptables\u00a0assurent une conformit\u00e9 totale avec les r\u00e9glementations, minimisant les risques d\u2019erreurs co\u00fbteuses, etc.\n\t\t\t\t\t<\/p>\n\t\t\t\t\n\t\t\t<\/div>\n\t\t\t\n\t\t<\/div>\n\t\t\t\t\t\t<\/div>\n\t\t\t\t<\/div>\n\t\t\t\t<\/div>\n\t\t\t\t\t<\/div>\n\t\t\t\t<\/div>\n\t\t<div data-particle_enable=\"false\" data-particle-mobile-disabled=\"false\" class=\"elementor-element elementor-element-6f4d8fb e-flex e-con-boxed e-con e-parent\" data-id=\"6f4d8fb\" data-element_type=\"container\" data-e-type=\"container\" data-settings=\"{&quot;background_background&quot;:&quot;classic&quot;}\">\n\t\t\t\t\t<div class=\"e-con-inner\">\n\t\t\t\t<div class=\"elementor-element elementor-element-ec9f4bc elementor-widget elementor-widget-spacer\" data-id=\"ec9f4bc\" data-element_type=\"widget\" data-e-type=\"widget\" data-widget_type=\"spacer.default\">\n\t\t\t\t<div class=\"elementor-widget-container\">\n\t\t\t\t\t\t\t<div class=\"elementor-spacer\">\n\t\t\t<div class=\"elementor-spacer-inner\"><\/div>\n\t\t<\/div>\n\t\t\t\t\t\t<\/div>\n\t\t\t\t<\/div>\n\t\t\t\t\t<\/div>\n\t\t\t\t<\/div>\n\t\t<div data-particle_enable=\"false\" data-particle-mobile-disabled=\"false\" class=\"elementor-element elementor-element-86cf915 e-flex e-con-boxed e-con e-parent\" data-id=\"86cf915\" data-element_type=\"container\" data-e-type=\"container\" data-settings=\"{&quot;background_background&quot;:&quot;classic&quot;}\">\n\t\t\t\t\t<div class=\"e-con-inner\">\n\t\t<div data-particle_enable=\"false\" data-particle-mobile-disabled=\"false\" class=\"elementor-element elementor-element-699dd9d e-con-full e-flex e-con e-child\" data-id=\"699dd9d\" data-element_type=\"container\" data-e-type=\"container\">\n\t\t\t\t<div class=\"elementor-element elementor-element-971c4cf elementor-widget elementor-widget-heading\" data-id=\"971c4cf\" data-element_type=\"widget\" data-e-type=\"widget\" data-widget_type=\"heading.default\">\n\t\t\t\t<div class=\"elementor-widget-container\">\n\t\t\t\t\t<h2 class=\"elementor-heading-title elementor-size-default\">\u00c9quipe de professionnels qualifi\u00e9s<\/h2>\t\t\t\t<\/div>\n\t\t\t\t<\/div>\n\t\t\t\t<div class=\"elementor-element elementor-element-5f44af4 elementor-widget elementor-widget-text-editor\" data-id=\"5f44af4\" data-element_type=\"widget\" data-e-type=\"widget\" data-widget_type=\"text-editor.default\">\n\t\t\t\t<div class=\"elementor-widget-container\">\n\t\t\t\t\t\t\t\t\t<p>Vous \u00eates une start-up innovante ou une entreprise \u00e9tablie\u00a0? Rencontrez notre \u00e9quipe de professionnels qualifi\u00e9s. Forts de notre engagement envers l&rsquo;excellence comptable, nos\u00a0<strong>experts<\/strong>\u00a0apportent une richesse d&rsquo;exp\u00e9rience et d&rsquo;expertise pour r\u00e9pondre aux besoins sp\u00e9cifiques de votre entreprise. Nous vous proposons une gamme compl\u00e8te de\u00a0services comptables et financiers. Ils sont con\u00e7us pour vous aider \u00e0 atteindre vos objectifs financiers.<\/p>\t\t\t\t\t\t\t\t<\/div>\n\t\t\t\t<\/div>\n\t\t\t\t<\/div>\n\t\t<div data-particle_enable=\"false\" data-particle-mobile-disabled=\"false\" class=\"elementor-element elementor-element-8c8e868 e-con-full e-flex e-con e-child\" data-id=\"8c8e868\" data-element_type=\"container\" data-e-type=\"container\">\n\t\t\t\t<div class=\"elementor-element elementor-element-38e017d elementor-widget elementor-widget-image\" data-id=\"38e017d\" data-element_type=\"widget\" data-e-type=\"widget\" data-widget_type=\"image.default\">\n\t\t\t\t<div class=\"elementor-widget-container\">\n\t\t\t\t\t\t\t\t\t\t\t\t\t\t\t<img decoding=\"async\" width=\"750\" height=\"500\" src=\"https:\/\/www.gestoria-barcelona.es\/wp-content\/uploads\/2024\/03\/P2P3-min-1024x683.jpg\" class=\"attachment-large size-large wp-image-96\" alt=\"\" srcset=\"https:\/\/www.gestoria-barcelona.es\/wp-content\/uploads\/2024\/03\/P2P3-min-1024x683.jpg 1024w, https:\/\/www.gestoria-barcelona.es\/wp-content\/uploads\/2024\/03\/P2P3-min-300x200.jpg 300w, https:\/\/www.gestoria-barcelona.es\/wp-content\/uploads\/2024\/03\/P2P3-min-768x512.jpg 768w\" sizes=\"(max-width: 750px) 100vw, 750px\" style=\"width:100%;height:66.67%;max-width:9504px\" \/>\t\t\t\t\t\t\t\t\t\t\t\t\t\t\t<\/div>\n\t\t\t\t<\/div>\n\t\t\t\t<\/div>\n\t\t\t\t\t<\/div>\n\t\t\t\t<\/div>\n\t\t<div data-particle_enable=\"false\" data-particle-mobile-disabled=\"false\" class=\"elementor-element elementor-element-d96e81f e-flex e-con-boxed e-con e-parent\" data-id=\"d96e81f\" data-element_type=\"container\" data-e-type=\"container\" data-settings=\"{&quot;background_background&quot;:&quot;classic&quot;}\">\n\t\t\t\t\t<div class=\"e-con-inner\">\n\t\t\t\t<div class=\"elementor-element elementor-element-8f5b351 elementor-widget elementor-widget-heading\" data-id=\"8f5b351\" data-element_type=\"widget\" data-e-type=\"widget\" data-widget_type=\"heading.default\">\n\t\t\t\t<div class=\"elementor-widget-container\">\n\t\t\t\t\t<h2 class=\"elementor-heading-title elementor-size-default\">T\u00e9moignages de clients satisfaits\u00a0<\/h2>\t\t\t\t<\/div>\n\t\t\t\t<\/div>\n\t\t\t\t<div class=\"elementor-element elementor-element-43e1c15 elementor-widget elementor-widget-text-editor\" data-id=\"43e1c15\" data-element_type=\"widget\" data-e-type=\"widget\" data-widget_type=\"text-editor.default\">\n\t\t\t\t<div class=\"elementor-widget-container\">\n\t\t\t\t\t\t\t\t\t<p>Chez nous, la satisfaction du client est au c\u0153ur de notre d\u00e9marche. D\u00e9couvrez les t\u00e9moignages de clients qui ont b\u00e9n\u00e9fici\u00e9 de notre expertise comptable. Ces retours d&rsquo;exp\u00e9rience t\u00e9moignent de la qualit\u00e9 exceptionnelle de nos services et montrent notre capacit\u00e9 \u00e0 catalyser la r\u00e9ussite financi\u00e8re des\u00a0<strong>entreprises.<\/strong><\/p>\t\t\t\t\t\t\t\t<\/div>\n\t\t\t\t<\/div>\n\t\t\t\t\t<\/div>\n\t\t\t\t<\/div>\n\t\t<div data-particle_enable=\"false\" data-particle-mobile-disabled=\"false\" class=\"elementor-element elementor-element-78b0307 e-flex e-con-boxed e-con e-parent\" data-id=\"78b0307\" data-element_type=\"container\" data-e-type=\"container\" data-settings=\"{&quot;background_background&quot;:&quot;classic&quot;}\">\n\t\t\t\t\t<div class=\"e-con-inner\">\n\t\t\t\t<div class=\"elementor-element elementor-element-d6811ea elementor-testimonial--skin-bubble elementor-testimonial--layout-image_inline elementor-testimonial--align-center elementor-arrows-yes elementor-pagination-type-bullets elementor-widget elementor-widget-testimonial-carousel\" data-id=\"d6811ea\" data-element_type=\"widget\" data-e-type=\"widget\" data-settings=\"{&quot;show_arrows&quot;:&quot;yes&quot;,&quot;pagination&quot;:&quot;bullets&quot;,&quot;speed&quot;:500,&quot;autoplay&quot;:&quot;yes&quot;,&quot;autoplay_speed&quot;:5000,&quot;loop&quot;:&quot;yes&quot;,&quot;pause_on_hover&quot;:&quot;yes&quot;,&quot;pause_on_interaction&quot;:&quot;yes&quot;,&quot;space_between&quot;:{&quot;unit&quot;:&quot;px&quot;,&quot;size&quot;:10,&quot;sizes&quot;:[]},&quot;space_between_tablet&quot;:{&quot;unit&quot;:&quot;px&quot;,&quot;size&quot;:10,&quot;sizes&quot;:[]},&quot;space_between_mobile&quot;:{&quot;unit&quot;:&quot;px&quot;,&quot;size&quot;:10,&quot;sizes&quot;:[]}}\" data-widget_type=\"testimonial-carousel.default\">\n\t\t\t\t<div class=\"elementor-widget-container\">\n\t\t\t\t\t\t\t\t\t<div class=\"elementor-swiper\">\n\t\t\t\t\t<div class=\"elementor-main-swiper swiper\" role=\"region\" aria-roledescription=\"carousel\" aria-label=\"Diapositives\">\n\t\t\t\t<div class=\"swiper-wrapper\">\n\t\t\t\t\t\t\t\t\t\t\t<div class=\"swiper-slide\" role=\"group\" aria-roledescription=\"slide\">\n\t\t\t\t\t\t\t\t\t<div class=\"elementor-testimonial\">\n\t\t\t\t\t\t\t<div class=\"elementor-testimonial__content\">\n\t\t\t\t\t<div class=\"elementor-testimonial__text\">\n\t\t\t\t\t\tLe\u00a0cabinet comptable \u00e0 Barcelone\u00a0a v\u00e9ritablement transform\u00e9 la\u00a0gestion financi\u00e8re\u00a0de mon entreprise. Leur \u00e9quipe comp\u00e9tente et r\u00e9active a su comprendre les sp\u00e9cificit\u00e9s de mon activit\u00e9. Elle a fourni des\u00a0conseils\u00a0avis\u00e9s et des solutions sur mesure. Nous vous remercions pour votre expertise exceptionnelle et votre service client de premi\u00e8re classe\t\t\t\t\t<\/div>\n\t\t\t\t\t\t\t\t\t<\/div>\n\t\t\t\t\t\t<div class=\"elementor-testimonial__footer\">\n\t\t\t\t\t\t\t\t<cite class=\"elementor-testimonial__cite\"><span class=\"elementor-testimonial__name\">Alexis M. <\/span><\/cite>\t\t\t<\/div>\n\t\t<\/div>\n\t\t\t\t\t\t\t\t<\/div>\n\t\t\t\t\t\t\t\t\t\t\t<div class=\"swiper-slide\" role=\"group\" aria-roledescription=\"slide\">\n\t\t\t\t\t\t\t\t\t<div class=\"elementor-testimonial\">\n\t\t\t\t\t\t\t<div class=\"elementor-testimonial__content\">\n\t\t\t\t\t<div class=\"elementor-testimonial__text\">\n\t\t\t\t\t\tEn tant que start-up, nous recherchions un cabinet comptable capable de comprendre nos d\u00e9fis. Le cabinet comptable \u00e0 Barcelone a surpass\u00e9 nos attentes. Leur approche collaborative a favoris\u00e9 une communication ouverte. Leur engagement envers l'excellence comptable a \u00e9t\u00e9 essentiel pour notre croissance rapide. Nous sommes reconnaissants pour ce partenaire fiable et comp\u00e9tent.\t\t\t\t\t<\/div>\n\t\t\t\t\t\t\t\t\t<\/div>\n\t\t\t\t\t\t<div class=\"elementor-testimonial__footer\">\n\t\t\t\t\t\t\t\t<cite class=\"elementor-testimonial__cite\"><span class=\"elementor-testimonial__name\">Marie D. <\/span><\/cite>\t\t\t<\/div>\n\t\t<\/div>\n\t\t\t\t\t\t\t\t<\/div>\n\t\t\t\t\t\t\t\t\t\t\t<div class=\"swiper-slide\" role=\"group\" aria-roledescription=\"slide\">\n\t\t\t\t\t\t\t\t\t<div class=\"elementor-testimonial\">\n\t\t\t\t\t\t\t<div class=\"elementor-testimonial__content\">\n\t\t\t\t\t<div class=\"elementor-testimonial__text\">\n\t\t\t\t\t\tNotre entreprise, situ\u00e9e en Espagne, travaille avec le cabinet comptable depuis plusieurs ann\u00e9es. Ils ont toujours d\u00e9montr\u00e9 un haut niveau de professionnalisme. Leur \u00e9quipe a jou\u00e9 un grand r\u00f4le dans la gestion de nos comptes annuels. Elle nous a aid\u00e9s dans la\u00a0planification fiscale\u00a0strat\u00e9gique. C\u2019est un partenaire de confiance pour toute entreprise s\u00e9rieuse.\t\t\t\t\t<\/div>\n\t\t\t\t\t\t\t\t\t<\/div>\n\t\t\t\t\t\t<div class=\"elementor-testimonial__footer\">\n\t\t\t\t\t\t\t\t<cite class=\"elementor-testimonial__cite\"><span class=\"elementor-testimonial__name\">Juan R. <\/span><\/cite>\t\t\t<\/div>\n\t\t<\/div>\n\t\t\t\t\t\t\t\t<\/div>\n\t\t\t\t\t\t\t\t\t<\/div>\n\t\t\t\t\t\t\t\t\t\t\t\t\t\t\t<div class=\"elementor-swiper-button elementor-swiper-button-prev\" role=\"button\" tabindex=\"0\" aria-label=\"Pr\u00e9c\u00e9dent\">\n\t\t\t\t\t\t\t<svg aria-hidden=\"true\" class=\"e-font-icon-svg e-eicon-chevron-left\" viewBox=\"0 0 1000 1000\" xmlns=\"http:\/\/www.w3.org\/2000\/svg\"><path d=\"M646 125C629 125 613 133 604 142L308 442C296 454 292 471 292 487 292 504 296 521 308 533L604 854C617 867 629 875 646 875 663 875 679 871 692 858 704 846 713 829 713 812 713 796 708 779 692 767L438 487 692 225C700 217 708 204 708 187 708 171 704 154 692 142 675 129 663 125 646 125Z\"><\/path><\/svg>\t\t\t\t\t\t<\/div>\n\t\t\t\t\t\t<div class=\"elementor-swiper-button elementor-swiper-button-next\" role=\"button\" tabindex=\"0\" aria-label=\"Suivant\">\n\t\t\t\t\t\t\t<svg aria-hidden=\"true\" class=\"e-font-icon-svg e-eicon-chevron-right\" viewBox=\"0 0 1000 1000\" xmlns=\"http:\/\/www.w3.org\/2000\/svg\"><path d=\"M696 533C708 521 713 504 713 487 713 471 708 454 696 446L400 146C388 133 375 125 354 125 338 125 325 129 313 142 300 154 292 171 292 187 292 204 296 221 308 233L563 492 304 771C292 783 288 800 288 817 288 833 296 850 308 863 321 871 338 875 354 875 371 875 388 867 400 854L696 533Z\"><\/path><\/svg>\t\t\t\t\t\t<\/div>\n\t\t\t\t\t\t\t\t\t\t\t\t\t\t\t\t<div class=\"swiper-pagination\"><\/div>\n\t\t\t\t\t\t\t\t\t\t\t\t<\/div>\n\t\t\t\t<\/div>\n\t\t\t\t\t\t\t\t<\/div>\n\t\t\t\t<\/div>\n\t\t\t\t\t<\/div>\n\t\t\t\t<\/div>\n\t\t<div data-particle_enable=\"false\" data-particle-mobile-disabled=\"false\" class=\"elementor-element elementor-element-75aea8d e-flex e-con-boxed e-con e-parent\" data-id=\"75aea8d\" data-element_type=\"container\" data-e-type=\"container\" data-settings=\"{&quot;background_background&quot;:&quot;classic&quot;}\">\n\t\t\t\t\t<div class=\"e-con-inner\">\n\t\t\t\t<div class=\"elementor-element elementor-element-f07daa9 elementor-widget elementor-widget-heading\" data-id=\"f07daa9\" data-element_type=\"widget\" data-e-type=\"widget\" data-widget_type=\"heading.default\">\n\t\t\t\t<div class=\"elementor-widget-container\">\n\t\t\t\t\t<h2 class=\"elementor-heading-title elementor-size-default\">Contactez le cabinet comptable Barcelone pour des services comptables de confiance<\/h2>\t\t\t\t<\/div>\n\t\t\t\t<\/div>\n\t\t\t\t<div class=\"elementor-element elementor-element-1dca7ab elementor-widget elementor-widget-text-editor\" data-id=\"1dca7ab\" data-element_type=\"widget\" data-e-type=\"widget\" data-widget_type=\"text-editor.default\">\n\t\t\t\t<div class=\"elementor-widget-container\">\n\t\t\t\t\t\t\t\t\t<p>Notre\u00a0<strong>cabinet comptable\u00a0<\/strong>propose une expertise in\u00e9gal\u00e9e en mati\u00e8re de gestion financi\u00e8re. Nous pouvons r\u00e9pondre \u00e0 tous vos besoins, que vous soyez \u00e0 la recherche d&rsquo;une gestion comptable, d&rsquo;un conseil fiscal, ou d&rsquo;un audit, notre \u00e9quipe qualifi\u00e9e et experte fournit des solutions adapt\u00e9es \u00e0 chaque situation. Pr\u00eat \u00e0 confier vos\u00a0besoins comptables\u00a0\u00e0 des professionnels de confiance ? Contactez le cabinet comptable Barcelone pour b\u00e9n\u00e9ficier de\u00a0<strong>services comptables<\/strong>\u00a0exceptionnels. Pour la gestion comptable quotidienne, la planification fiscale strat\u00e9gique ou la cr\u00e9ation de soci\u00e9t\u00e9s, nous sommes l\u00e0 pour vous aider \u00e0 atteindre l&rsquo;excellence comptable.<\/p>\t\t\t\t\t\t\t\t<\/div>\n\t\t\t\t<\/div>\n\t\t\t\t<div class=\"elementor-element elementor-element-cf645e4 elementor-align-center elementor-widget elementor-widget-button\" data-id=\"cf645e4\" data-element_type=\"widget\" data-e-type=\"widget\" data-widget_type=\"button.default\">\n\t\t\t\t<div class=\"elementor-widget-container\">\n\t\t\t\t\t\t\t\t\t<div class=\"elementor-button-wrapper\">\n\t\t\t\t\t<a class=\"elementor-button elementor-button-link elementor-size-lg elementor-animation-grow\" href=\"\/#contact_forms\">\n\t\t\t\t\t\t<span class=\"elementor-button-content-wrapper\">\n\t\t\t\t\t\t\t\t\t<span class=\"elementor-button-text\">CONTACTEZ-NOUS<\/span>\n\t\t\t\t\t<\/span>\n\t\t\t\t\t<\/a>\n\t\t\t\t<\/div>\n\t\t\t\t\t\t\t\t<\/div>\n\t\t\t\t<\/div>\n\t\t\t\t\t<\/div>\n\t\t\t\t<\/div>\n\t\t\t\t<\/div>\n\t\t","protected":false},"excerpt":{"rendered":"<p>Cabinet comptable Barcelone Bien g\u00e9rer les affaires CONTACTEZ-NOUS Les services propos\u00e9s par un cabinet comptable \u00e0 Barcelone Bienvenue dans le monde de la\u00a0gestion financi\u00e8re\u00a0\u00e0 Barcelone, o\u00f9 notre cabinet comptable s&rsquo;\u00e9rige en partenaire incontournable pour vous accompagner dans la r\u00e9ussite de votre entreprise. Situ\u00e9 au c\u0153ur de cette ville dynamique, notre cabinet s&rsquo;engage \u00e0 fournir des\u00a0services&hellip; <a class=\"more-link\" href=\"https:\/\/www.gestoria-barcelona.es\/fr\/cabinet-comptable-barcelone\/\">Poursuivre la lecture <span class=\"screen-reader-text\">Cabinet comptable Barcelone<\/span><\/a><\/p>\n","protected":false},"author":1,"featured_media":51,"parent":0,"menu_order":0,"comment_status":"closed","ping_status":"closed","template":"elementor_header_footer","meta":{"footnotes":""},"class_list":["post-81","page","type-page","status-publish","has-post-thumbnail","hentry","entry"],"yoast_head":"<!-- This site is optimized with the Yoast SEO plugin v27.4 - https:\/\/yoast.com\/product\/yoast-seo-wordpress\/ -->\n<title>Cabinet Comptable Barcelone : Sp\u00e9cialiste en Catalogne<\/title>\n<meta name=\"description\" content=\"Cabinet Comptable Barcelone : notre cabinet offre des services experts en comptabilit\u00e9, fiscalit\u00e9 et conseil financier pour professionnels, entreprises et particuliers. Nos services : catalyseurs de succ\u00e8s pour les entreprises en Espagne, g\u00e9rer votre succ\u00e8s financier.\" \/>\n<meta name=\"robots\" content=\"index, follow, max-snippet:-1, max-image-preview:large, max-video-preview:-1\" \/>\n<link rel=\"canonical\" href=\"https:\/\/www.gestoria-barcelona.es\/fr\/cabinet-comptable-barcelone\/\" \/>\n<meta property=\"og:locale\" content=\"fr_FR\" \/>\n<meta property=\"og:type\" content=\"article\" \/>\n<meta property=\"og:title\" content=\"Cabinet Comptable Barcelone : Sp\u00e9cialiste en Catalogne\" \/>\n<meta property=\"og:description\" content=\"Cabinet Comptable Barcelone : notre cabinet offre des services experts en comptabilit\u00e9, fiscalit\u00e9 et conseil financier pour professionnels, entreprises et particuliers. Nos services : catalyseurs de succ\u00e8s pour les entreprises en Espagne, g\u00e9rer votre succ\u00e8s financier.\" \/>\n<meta property=\"og:url\" content=\"https:\/\/www.gestoria-barcelona.es\/fr\/cabinet-comptable-barcelone\/\" \/>\n<meta property=\"og:site_name\" content=\"gestoria-barcelona\" \/>\n<meta property=\"article:modified_time\" content=\"2024-05-16T13:26:27+00:00\" \/>\n<meta property=\"og:image\" content=\"https:\/\/www.gestoria-barcelona.es\/wp-content\/uploads\/2024\/03\/P1P1-1-min-scaled.jpg\" \/>\n\t<meta property=\"og:image:width\" content=\"2560\" \/>\n\t<meta property=\"og:image:height\" content=\"871\" \/>\n\t<meta property=\"og:image:type\" content=\"image\/jpeg\" \/>\n<meta name=\"twitter:card\" content=\"summary_large_image\" \/>\n<meta name=\"twitter:label1\" content=\"Dur\u00e9e de lecture estim\u00e9e\" \/>\n\t<meta name=\"twitter:data1\" content=\"5 minutes\" \/>\n<script type=\"application\/ld+json\" class=\"yoast-schema-graph\">{\"@context\":\"https:\\\/\\\/schema.org\",\"@graph\":[{\"@type\":\"WebPage\",\"@id\":\"https:\\\/\\\/www.gestoria-barcelona.es\\\/fr\\\/cabinet-comptable-barcelone\\\/\",\"url\":\"https:\\\/\\\/www.gestoria-barcelona.es\\\/fr\\\/cabinet-comptable-barcelone\\\/\",\"name\":\"Cabinet Comptable Barcelone : Sp\u00e9cialiste en Catalogne\",\"isPartOf\":{\"@id\":\"https:\\\/\\\/www.gestoria-barcelona.es\\\/fr\\\/#website\"},\"primaryImageOfPage\":{\"@id\":\"https:\\\/\\\/www.gestoria-barcelona.es\\\/fr\\\/cabinet-comptable-barcelone\\\/#primaryimage\"},\"image\":{\"@id\":\"https:\\\/\\\/www.gestoria-barcelona.es\\\/fr\\\/cabinet-comptable-barcelone\\\/#primaryimage\"},\"thumbnailUrl\":\"https:\\\/\\\/www.gestoria-barcelona.es\\\/wp-content\\\/uploads\\\/2024\\\/03\\\/P1P1-1-min-scaled.jpg\",\"datePublished\":\"2024-03-05T08:20:57+00:00\",\"dateModified\":\"2024-05-16T13:26:27+00:00\",\"description\":\"Cabinet Comptable Barcelone : notre cabinet offre des services experts en comptabilit\u00e9, fiscalit\u00e9 et conseil financier pour professionnels, entreprises et particuliers. Nos services : catalyseurs de succ\u00e8s pour les entreprises en Espagne, g\u00e9rer votre succ\u00e8s financier.\",\"breadcrumb\":{\"@id\":\"https:\\\/\\\/www.gestoria-barcelona.es\\\/fr\\\/cabinet-comptable-barcelone\\\/#breadcrumb\"},\"inLanguage\":\"fr-FR\",\"potentialAction\":[{\"@type\":\"ReadAction\",\"target\":[\"https:\\\/\\\/www.gestoria-barcelona.es\\\/fr\\\/cabinet-comptable-barcelone\\\/\"]}]},{\"@type\":\"ImageObject\",\"inLanguage\":\"fr-FR\",\"@id\":\"https:\\\/\\\/www.gestoria-barcelona.es\\\/fr\\\/cabinet-comptable-barcelone\\\/#primaryimage\",\"url\":\"https:\\\/\\\/www.gestoria-barcelona.es\\\/wp-content\\\/uploads\\\/2024\\\/03\\\/P1P1-1-min-scaled.jpg\",\"contentUrl\":\"https:\\\/\\\/www.gestoria-barcelona.es\\\/wp-content\\\/uploads\\\/2024\\\/03\\\/P1P1-1-min-scaled.jpg\",\"width\":2560,\"height\":871,\"caption\":\"cabinet-comptable-Barcelone\"},{\"@type\":\"BreadcrumbList\",\"@id\":\"https:\\\/\\\/www.gestoria-barcelona.es\\\/fr\\\/cabinet-comptable-barcelone\\\/#breadcrumb\",\"itemListElement\":[{\"@type\":\"ListItem\",\"position\":1,\"name\":\"Home\",\"item\":\"https:\\\/\\\/www.gestoria-barcelona.es\\\/fr\\\/comptabilite-barcelone\\\/\"},{\"@type\":\"ListItem\",\"position\":2,\"name\":\"Cabinet comptable Barcelone\"}]},{\"@type\":\"WebSite\",\"@id\":\"https:\\\/\\\/www.gestoria-barcelona.es\\\/fr\\\/#website\",\"url\":\"https:\\\/\\\/www.gestoria-barcelona.es\\\/fr\\\/\",\"name\":\"gestoria-barcelona\",\"description\":\"\",\"publisher\":{\"@id\":\"https:\\\/\\\/www.gestoria-barcelona.es\\\/fr\\\/#organization\"},\"potentialAction\":[{\"@type\":\"SearchAction\",\"target\":{\"@type\":\"EntryPoint\",\"urlTemplate\":\"https:\\\/\\\/www.gestoria-barcelona.es\\\/fr\\\/?s={search_term_string}\"},\"query-input\":{\"@type\":\"PropertyValueSpecification\",\"valueRequired\":true,\"valueName\":\"search_term_string\"}}],\"inLanguage\":\"fr-FR\"},{\"@type\":\"Organization\",\"@id\":\"https:\\\/\\\/www.gestoria-barcelona.es\\\/fr\\\/#organization\",\"name\":\"gestoria-barcelona\",\"url\":\"https:\\\/\\\/www.gestoria-barcelona.es\\\/fr\\\/\",\"logo\":{\"@type\":\"ImageObject\",\"inLanguage\":\"fr-FR\",\"@id\":\"https:\\\/\\\/www.gestoria-barcelona.es\\\/fr\\\/#\\\/schema\\\/logo\\\/image\\\/\",\"url\":\"https:\\\/\\\/www.gestoria-barcelona.es\\\/wp-content\\\/uploads\\\/2024\\\/02\\\/419198195_259343080556244_1195465781908567676_n.png\",\"contentUrl\":\"https:\\\/\\\/www.gestoria-barcelona.es\\\/wp-content\\\/uploads\\\/2024\\\/02\\\/419198195_259343080556244_1195465781908567676_n.png\",\"width\":1688,\"height\":608,\"caption\":\"gestoria-barcelona\"},\"image\":{\"@id\":\"https:\\\/\\\/www.gestoria-barcelona.es\\\/fr\\\/#\\\/schema\\\/logo\\\/image\\\/\"}}]}<\/script>\n<!-- \/ Yoast SEO plugin. -->","yoast_head_json":{"title":"Cabinet Comptable Barcelone : Sp\u00e9cialiste en Catalogne","description":"Cabinet Comptable Barcelone : notre cabinet offre des services experts en comptabilit\u00e9, fiscalit\u00e9 et conseil financier pour professionnels, entreprises et particuliers. Nos services : catalyseurs de succ\u00e8s pour les entreprises en Espagne, g\u00e9rer votre succ\u00e8s financier.","robots":{"index":"index","follow":"follow","max-snippet":"max-snippet:-1","max-image-preview":"max-image-preview:large","max-video-preview":"max-video-preview:-1"},"canonical":"https:\/\/www.gestoria-barcelona.es\/fr\/cabinet-comptable-barcelone\/","og_locale":"fr_FR","og_type":"article","og_title":"Cabinet Comptable Barcelone : Sp\u00e9cialiste en Catalogne","og_description":"Cabinet Comptable Barcelone : notre cabinet offre des services experts en comptabilit\u00e9, fiscalit\u00e9 et conseil financier pour professionnels, entreprises et particuliers. Nos services : catalyseurs de succ\u00e8s pour les entreprises en Espagne, g\u00e9rer votre succ\u00e8s financier.","og_url":"https:\/\/www.gestoria-barcelona.es\/fr\/cabinet-comptable-barcelone\/","og_site_name":"gestoria-barcelona","article_modified_time":"2024-05-16T13:26:27+00:00","og_image":[{"width":2560,"height":871,"url":"https:\/\/www.gestoria-barcelona.es\/wp-content\/uploads\/2024\/03\/P1P1-1-min-scaled.jpg","type":"image\/jpeg"}],"twitter_card":"summary_large_image","twitter_misc":{"Dur\u00e9e de lecture estim\u00e9e":"5 minutes"},"schema":{"@context":"https:\/\/schema.org","@graph":[{"@type":"WebPage","@id":"https:\/\/www.gestoria-barcelona.es\/fr\/cabinet-comptable-barcelone\/","url":"https:\/\/www.gestoria-barcelona.es\/fr\/cabinet-comptable-barcelone\/","name":"Cabinet Comptable Barcelone : Sp\u00e9cialiste en Catalogne","isPartOf":{"@id":"https:\/\/www.gestoria-barcelona.es\/fr\/#website"},"primaryImageOfPage":{"@id":"https:\/\/www.gestoria-barcelona.es\/fr\/cabinet-comptable-barcelone\/#primaryimage"},"image":{"@id":"https:\/\/www.gestoria-barcelona.es\/fr\/cabinet-comptable-barcelone\/#primaryimage"},"thumbnailUrl":"https:\/\/www.gestoria-barcelona.es\/wp-content\/uploads\/2024\/03\/P1P1-1-min-scaled.jpg","datePublished":"2024-03-05T08:20:57+00:00","dateModified":"2024-05-16T13:26:27+00:00","description":"Cabinet Comptable Barcelone : notre cabinet offre des services experts en comptabilit\u00e9, fiscalit\u00e9 et conseil financier pour professionnels, entreprises et particuliers. Nos services : catalyseurs de succ\u00e8s pour les entreprises en Espagne, g\u00e9rer votre succ\u00e8s financier.","breadcrumb":{"@id":"https:\/\/www.gestoria-barcelona.es\/fr\/cabinet-comptable-barcelone\/#breadcrumb"},"inLanguage":"fr-FR","potentialAction":[{"@type":"ReadAction","target":["https:\/\/www.gestoria-barcelona.es\/fr\/cabinet-comptable-barcelone\/"]}]},{"@type":"ImageObject","inLanguage":"fr-FR","@id":"https:\/\/www.gestoria-barcelona.es\/fr\/cabinet-comptable-barcelone\/#primaryimage","url":"https:\/\/www.gestoria-barcelona.es\/wp-content\/uploads\/2024\/03\/P1P1-1-min-scaled.jpg","contentUrl":"https:\/\/www.gestoria-barcelona.es\/wp-content\/uploads\/2024\/03\/P1P1-1-min-scaled.jpg","width":2560,"height":871,"caption":"cabinet-comptable-Barcelone"},{"@type":"BreadcrumbList","@id":"https:\/\/www.gestoria-barcelona.es\/fr\/cabinet-comptable-barcelone\/#breadcrumb","itemListElement":[{"@type":"ListItem","position":1,"name":"Home","item":"https:\/\/www.gestoria-barcelona.es\/fr\/comptabilite-barcelone\/"},{"@type":"ListItem","position":2,"name":"Cabinet comptable Barcelone"}]},{"@type":"WebSite","@id":"https:\/\/www.gestoria-barcelona.es\/fr\/#website","url":"https:\/\/www.gestoria-barcelona.es\/fr\/","name":"gestoria-barcelona","description":"","publisher":{"@id":"https:\/\/www.gestoria-barcelona.es\/fr\/#organization"},"potentialAction":[{"@type":"SearchAction","target":{"@type":"EntryPoint","urlTemplate":"https:\/\/www.gestoria-barcelona.es\/fr\/?s={search_term_string}"},"query-input":{"@type":"PropertyValueSpecification","valueRequired":true,"valueName":"search_term_string"}}],"inLanguage":"fr-FR"},{"@type":"Organization","@id":"https:\/\/www.gestoria-barcelona.es\/fr\/#organization","name":"gestoria-barcelona","url":"https:\/\/www.gestoria-barcelona.es\/fr\/","logo":{"@type":"ImageObject","inLanguage":"fr-FR","@id":"https:\/\/www.gestoria-barcelona.es\/fr\/#\/schema\/logo\/image\/","url":"https:\/\/www.gestoria-barcelona.es\/wp-content\/uploads\/2024\/02\/419198195_259343080556244_1195465781908567676_n.png","contentUrl":"https:\/\/www.gestoria-barcelona.es\/wp-content\/uploads\/2024\/02\/419198195_259343080556244_1195465781908567676_n.png","width":1688,"height":608,"caption":"gestoria-barcelona"},"image":{"@id":"https:\/\/www.gestoria-barcelona.es\/fr\/#\/schema\/logo\/image\/"}}]}},"_links":{"self":[{"href":"https:\/\/www.gestoria-barcelona.es\/fr\/wp-json\/wp\/v2\/pages\/81","targetHints":{"allow":["GET"]}}],"collection":[{"href":"https:\/\/www.gestoria-barcelona.es\/fr\/wp-json\/wp\/v2\/pages"}],"about":[{"href":"https:\/\/www.gestoria-barcelona.es\/fr\/wp-json\/wp\/v2\/types\/page"}],"author":[{"embeddable":true,"href":"https:\/\/www.gestoria-barcelona.es\/fr\/wp-json\/wp\/v2\/users\/1"}],"replies":[{"embeddable":true,"href":"https:\/\/www.gestoria-barcelona.es\/fr\/wp-json\/wp\/v2\/comments?post=81"}],"version-history":[{"count":100,"href":"https:\/\/www.gestoria-barcelona.es\/fr\/wp-json\/wp\/v2\/pages\/81\/revisions"}],"predecessor-version":[{"id":1145,"href":"https:\/\/www.gestoria-barcelona.es\/fr\/wp-json\/wp\/v2\/pages\/81\/revisions\/1145"}],"wp:featuredmedia":[{"embeddable":true,"href":"https:\/\/www.gestoria-barcelona.es\/fr\/wp-json\/wp\/v2\/media\/51"}],"wp:attachment":[{"href":"https:\/\/www.gestoria-barcelona.es\/fr\/wp-json\/wp\/v2\/media?parent=81"}],"curies":[{"name":"wp","href":"https:\/\/api.w.org\/{rel}","templated":true}]}}