{"id":180,"date":"2024-03-06T07:16:30","date_gmt":"2024-03-06T06:16:30","guid":{"rendered":"https:\/\/www.gestoria-barcelona.es\/?page_id=180"},"modified":"2024-03-06T13:58:18","modified_gmt":"2024-03-06T12:58:18","slug":"mentions-legales","status":"publish","type":"page","link":"https:\/\/www.gestoria-barcelona.es\/fr\/mentions-legales\/","title":{"rendered":"Mentions l\u00e9gales"},"content":{"rendered":"\t\t<div data-elementor-type=\"wp-page\" data-elementor-id=\"180\" class=\"elementor elementor-180\" data-elementor-post-type=\"page\">\n\t\t\t\t<div data-particle_enable=\"false\" data-particle-mobile-disabled=\"false\" class=\"elementor-element elementor-element-8bf3051 e-flex e-con-boxed e-con e-parent\" data-id=\"8bf3051\" data-element_type=\"container\" data-e-type=\"container\" data-settings=\"{&quot;background_background&quot;:&quot;classic&quot;}\">\n\t\t\t\t\t<div class=\"e-con-inner\">\n\t\t\t\t<div class=\"elementor-element elementor-element-b408e5c elementor-widget elementor-widget-heading\" data-id=\"b408e5c\" data-element_type=\"widget\" data-e-type=\"widget\" data-widget_type=\"heading.default\">\n\t\t\t\t<div class=\"elementor-widget-container\">\n\t\t\t\t\t<h2 class=\"elementor-heading-title elementor-size-default\">Mentions l\u00e9gales<\/h2>\t\t\t\t<\/div>\n\t\t\t\t<\/div>\n\t\t\t\t\t<\/div>\n\t\t\t\t<\/div>\n\t\t<div data-particle_enable=\"false\" data-particle-mobile-disabled=\"false\" class=\"elementor-element elementor-element-36e8373 e-flex e-con-boxed e-con e-parent\" data-id=\"36e8373\" data-element_type=\"container\" data-e-type=\"container\" data-settings=\"{&quot;background_background&quot;:&quot;classic&quot;}\">\n\t\t\t\t\t<div class=\"e-con-inner\">\n\t\t\t\t<div class=\"elementor-element elementor-element-42e4301 elementor-widget elementor-widget-text-editor\" data-id=\"42e4301\" data-element_type=\"widget\" data-e-type=\"widget\" data-widget_type=\"text-editor.default\">\n\t\t\t\t<div class=\"elementor-widget-container\">\n\t\t\t\t\t\t\t\t\t<p>Conform\u00e9ment aux dispositions des articles 6-III et 19 de la Loi n\u00b0 2004-575 du 21 juin 2004 pour la Confiance dans l\u2019\u00e9conomie num\u00e9rique, dite L.C.E.N., nous portons \u00e0 la connaissance des utilisateurs et visiteurs du site les informations suivantes :<br \/>Pr\u00e9sentation du site internet de l\u2019entreprise<br \/>Statut du propri\u00e9taire : Soci\u00e9t\u00e9<br \/>Nom de la Soci\u00e9t\u00e9 : Gestoria Barcelone<br \/>Adresse: C\/ de Proven\u00e7a, 214 2\u00ba, 1\u00aa, L&rsquo;Eixample, 08036 Barcelona, Espagne<br \/>Contact : contact@gestoria-barcelona.es<\/p>\t\t\t\t\t\t\t\t<\/div>\n\t\t\t\t<\/div>\n\t\t\t\t<div class=\"elementor-element elementor-element-5f83ca1 elementor-widget elementor-widget-text-editor\" data-id=\"5f83ca1\" data-element_type=\"widget\" data-e-type=\"widget\" data-widget_type=\"text-editor.default\">\n\t\t\t\t<div class=\"elementor-widget-container\">\n\t\t\t\t\t\t\t\t\t<p>H\u00e9bergement : OVH SAS : 2 rue Kellermann \u2013 BP 80157 59053 ROUBAIX CEDEX 1<br \/>Le responsable de la publication est une personne physique.<\/p>\t\t\t\t\t\t\t\t<\/div>\n\t\t\t\t<\/div>\n\t\t\t\t<div class=\"elementor-element elementor-element-1db41cb elementor-widget elementor-widget-heading\" data-id=\"1db41cb\" data-element_type=\"widget\" data-e-type=\"widget\" data-widget_type=\"heading.default\">\n\t\t\t\t<div class=\"elementor-widget-container\">\n\t\t\t\t\t<h2 class=\"elementor-heading-title elementor-size-default\">Conditions d\u2019utilisation<\/h2>\t\t\t\t<\/div>\n\t\t\t\t<\/div>\n\t\t\t\t<div class=\"elementor-element elementor-element-f61e3e5 elementor-widget elementor-widget-text-editor\" data-id=\"f61e3e5\" data-element_type=\"widget\" data-e-type=\"widget\" data-widget_type=\"text-editor.default\">\n\t\t\t\t<div class=\"elementor-widget-container\">\n\t\t\t\t\t\t\t\t\t<p>L\u2019utilisation du site implique l\u2019acceptation pleine et enti\u00e8re des conditions g\u00e9n\u00e9rales d\u2019utilisation ci-apr\u00e8s d\u00e9crites. Ces conditions d\u2019utilisation sont susceptibles d\u2019\u00eatre modifi\u00e9es ou compl\u00e9t\u00e9es \u00e0 tout moment, les utilisateurs du site sont donc invit\u00e9s \u00e0 les consulter de mani\u00e8re r\u00e9guli\u00e8re. Le site est mis \u00e0 jour r\u00e9guli\u00e8rement par Gestoria Barcelone. De la m\u00eame fa\u00e7on, les mentions l\u00e9gales peuvent \u00eatre modifi\u00e9es \u00e0 tout moment : elles s\u2019imposent n\u00e9anmoins \u00e0 l\u2019utilisateur qui est invit\u00e9 \u00e0 s\u2019y r\u00e9f\u00e9rer le plus souvent possible afin d\u2019en prendre connaissance.<\/p>\t\t\t\t\t\t\t\t<\/div>\n\t\t\t\t<\/div>\n\t\t\t\t<div class=\"elementor-element elementor-element-88cc22a elementor-widget elementor-widget-heading\" data-id=\"88cc22a\" data-element_type=\"widget\" data-e-type=\"widget\" data-widget_type=\"heading.default\">\n\t\t\t\t<div class=\"elementor-widget-container\">\n\t\t\t\t\t<h2 class=\"elementor-heading-title elementor-size-default\">Description des services fournis\n<\/h2>\t\t\t\t<\/div>\n\t\t\t\t<\/div>\n\t\t\t\t<div class=\"elementor-element elementor-element-bf8951f elementor-widget elementor-widget-text-editor\" data-id=\"bf8951f\" data-element_type=\"widget\" data-e-type=\"widget\" data-widget_type=\"text-editor.default\">\n\t\t\t\t<div class=\"elementor-widget-container\">\n\t\t\t\t\t\t\t\t\t<p>Le site <a href=\"https:\/\/www.gestoria-barcelona.es\/\">https:\/\/www.gestoria-barcelona.es\/<\/a> a pour objet de fournir une information concernant l\u2019ensemble des activit\u00e9s de la soci\u00e9t\u00e9. Le propri\u00e9taire du site s\u2019efforce de fournir sur le site <a href=\"https:\/\/www.gestoria-barcelona.es\/\">https:\/\/www.gestoria-barcelona.es\/<\/a> des informations aussi pr\u00e9cises que possible. Toutefois, il ne pourra \u00eatre tenu responsable des omissions, des inexactitudes et des carences dans la mise \u00e0 jour, qu\u2019elles soient de son fait ou du fait des tiers partenaires qui lui fournissent ces informations. Toutes les informations propos\u00e9es sur le site <a href=\"https:\/\/www.gestoria-barcelona.es\/\">https:\/\/www.gestoria-barcelona.es\/<\/a> sont donn\u00e9es \u00e0 titre indicatif et commercial, sont non exhaustives, et sont susceptibles d\u2019\u00e9voluer. Elles sont donn\u00e9es sous r\u00e9serve de modifications ayant \u00e9t\u00e9 apport\u00e9es depuis leur mise en ligne.<\/p>\t\t\t\t\t\t\t\t<\/div>\n\t\t\t\t<\/div>\n\t\t\t\t<div class=\"elementor-element elementor-element-82e2e24 elementor-widget elementor-widget-heading\" data-id=\"82e2e24\" data-element_type=\"widget\" data-e-type=\"widget\" data-widget_type=\"heading.default\">\n\t\t\t\t<div class=\"elementor-widget-container\">\n\t\t\t\t\t<h2 class=\"elementor-heading-title elementor-size-default\">Droits et propri\u00e9t\u00e9<\/h2>\t\t\t\t<\/div>\n\t\t\t\t<\/div>\n\t\t\t\t<div class=\"elementor-element elementor-element-92d3f7a elementor-widget elementor-widget-text-editor\" data-id=\"92d3f7a\" data-element_type=\"widget\" data-e-type=\"widget\" data-widget_type=\"text-editor.default\">\n\t\t\t\t<div class=\"elementor-widget-container\">\n\t\t\t\t\t\t\t\t\t<p>Les textes, photographies, slogans, dessins, images, logos, cartographies, s\u00e9quences anim\u00e9es ainsi que toutes \u0153uvres int\u00e9gr\u00e9es en g\u00e9n\u00e9ral dans le site sont la propri\u00e9t\u00e9 de la soci\u00e9t\u00e9 Gestoria Barcelone de tiers l\u2019ayant autoris\u00e9e \u00e0 les utiliser. Aux termes de l\u2019article L. 122-5, 2\u00b0 et 3\u00b0 a) du Code de la propri\u00e9t\u00e9 intellectuelle, ne sont autoris\u00e9es que les \u00ab copies ou reproductions strictement r\u00e9serv\u00e9es \u00e0 l\u2019usage priv\u00e9 du copiste et non destin\u00e9es \u00e0 une utilisation collective \u00bb et les analyses et courtes citations dans un but d\u2019exemple ou d\u2019illustration. Ainsi, \u00ab toute repr\u00e9sentation ou reproduction int\u00e9grale ou partielle amateure ou professionnelle faite sans le consentement de l\u2019auteur ou de ses ayants droit ou ayants cause est illicite \u00bb (art. L. 122-4). Une telle repr\u00e9sentation ou reproduction, par quelque proc\u00e9d\u00e9 que ce soit, constituerait une contrefa\u00e7on sanctionn\u00e9e par les articles L. 335-2 et suivants du Code de la propri\u00e9t\u00e9 intellectuelle.<\/p>\t\t\t\t\t\t\t\t<\/div>\n\t\t\t\t<\/div>\n\t\t\t\t<div class=\"elementor-element elementor-element-b49cd83 elementor-widget elementor-widget-heading\" data-id=\"b49cd83\" data-element_type=\"widget\" data-e-type=\"widget\" data-widget_type=\"heading.default\">\n\t\t\t\t<div class=\"elementor-widget-container\">\n\t\t\t\t\t<h2 class=\"elementor-heading-title elementor-size-default\">Contenu du site<\/h2>\t\t\t\t<\/div>\n\t\t\t\t<\/div>\n\t\t\t\t<div class=\"elementor-element elementor-element-ae91b59 elementor-widget elementor-widget-text-editor\" data-id=\"ae91b59\" data-element_type=\"widget\" data-e-type=\"widget\" data-widget_type=\"text-editor.default\">\n\t\t\t\t<div class=\"elementor-widget-container\">\n\t\t\t\t\t\t\t\t\t<p>Les informations diffus\u00e9es sur ce site ne sont fournies qu\u2019\u00e0 titre indicatif et ne rev\u00eatent aucun caract\u00e8re contractuel obligatoire. Nous ne pouvons en effet garantir l\u2019absolue exactitude, la pr\u00e9cision, la mise \u00e0 jour ou l\u2019exhaustivit\u00e9 des informations mises \u00e0 disposition sur ce site.<\/p>\t\t\t\t\t\t\t\t<\/div>\n\t\t\t\t<\/div>\n\t\t\t\t<div class=\"elementor-element elementor-element-1e3f861 elementor-widget elementor-widget-heading\" data-id=\"1e3f861\" data-element_type=\"widget\" data-e-type=\"widget\" data-widget_type=\"heading.default\">\n\t\t\t\t<div class=\"elementor-widget-container\">\n\t\t\t\t\t<h2 class=\"elementor-heading-title elementor-size-default\">Liens hypertextes et cookies<\/h2>\t\t\t\t<\/div>\n\t\t\t\t<\/div>\n\t\t\t\t<div class=\"elementor-element elementor-element-1a21b21 elementor-widget elementor-widget-text-editor\" data-id=\"1a21b21\" data-element_type=\"widget\" data-e-type=\"widget\" data-widget_type=\"text-editor.default\">\n\t\t\t\t<div class=\"elementor-widget-container\">\n\t\t\t\t\t\t\t\t\t<p>Nous ne pouvons en aucun cas \u00eatre tenu pour responsable du contenu, des produits, des services, etc\u2026, des sites qui font l\u2019objet d\u2019un lien hypertexte \u00e0 partir du site <a href=\"https:\/\/www.gestoria-barcelona.es\">https:\/\/www.gestoria-barcelona.es<\/a>\/. La navigation sur le site https:\/\/www.gestoria-barcelona.es\/ est susceptible de provoquer l\u2019installation de cookie(s) sur l\u2019ordinateur de l\u2019utilisateur. Un cookie est un fichier de petite taille, qui ne permet pas l\u2019identification de l\u2019utilisateur, mais qui enregistre des informations relatives \u00e0 la navigation d\u2019un ordinateur sur un site. Les donn\u00e9es ainsi obtenues visent \u00e0 faciliter la navigation ult\u00e9rieure sur le site, et ont \u00e9galement vocation \u00e0 permettre diverses mesures de fr\u00e9quentation. Il n\u2019y a pas d\u2019obligation \u00e0 accepter cette installation de cookies.<\/p>\t\t\t\t\t\t\t\t<\/div>\n\t\t\t\t<\/div>\n\t\t\t\t<div class=\"elementor-element elementor-element-4aa5424 elementor-widget elementor-widget-heading\" data-id=\"4aa5424\" data-element_type=\"widget\" data-e-type=\"widget\" data-widget_type=\"heading.default\">\n\t\t\t\t<div class=\"elementor-widget-container\">\n\t\t\t\t\t<h2 class=\"elementor-heading-title elementor-size-default\">Limitation de responsabilit\u00e9\n<\/h2>\t\t\t\t<\/div>\n\t\t\t\t<\/div>\n\t\t\t\t<div class=\"elementor-element elementor-element-0662b77 elementor-widget elementor-widget-text-editor\" data-id=\"0662b77\" data-element_type=\"widget\" data-e-type=\"widget\" data-widget_type=\"text-editor.default\">\n\t\t\t\t<div class=\"elementor-widget-container\">\n\t\t\t\t\t\t\t\t\t<p>L\u2019internaute utilise le site \u00e0 ses seuls risques. En aucun cas, nous ne pourrons \u00eatre tenus responsables des dommages directs ou indirects, et notamment du pr\u00e9judice mat\u00e9riel, de la perte de donn\u00e9es ou de programme, du pr\u00e9judice financier, r\u00e9sultant de l\u2019acc\u00e8s ou de l\u2019utilisation de ce site ou de tous sites qui lui sont li\u00e9s. Le contenu du site est pr\u00e9sent\u00e9 sans aucune garantie ou assurance de quelque nature que ce soit. L\u2019acc\u00e8s aux services pr\u00e9sent\u00e9s sur le site peut faire l\u2019objet de restrictions et modifications.<\/p>\t\t\t\t\t\t\t\t<\/div>\n\t\t\t\t<\/div>\n\t\t\t\t<div class=\"elementor-element elementor-element-543cddc elementor-widget elementor-widget-heading\" data-id=\"543cddc\" data-element_type=\"widget\" data-e-type=\"widget\" data-widget_type=\"heading.default\">\n\t\t\t\t<div class=\"elementor-widget-container\">\n\t\t\t\t\t<h2 class=\"elementor-heading-title elementor-size-default\">Respect l\u00e9gal<\/h2>\t\t\t\t<\/div>\n\t\t\t\t<\/div>\n\t\t\t\t<div class=\"elementor-element elementor-element-36a50d9 elementor-widget elementor-widget-text-editor\" data-id=\"36a50d9\" data-element_type=\"widget\" data-e-type=\"widget\" data-widget_type=\"text-editor.default\">\n\t\t\t\t<div class=\"elementor-widget-container\">\n\t\t\t\t\t\t\t\t\t<p>Conform\u00e9ment \u00e0 la Loi Informatique et Libert\u00e9s du 6 janvier 1978, vous disposez d\u2019un droit d\u2019acc\u00e8s et de rectification aux donn\u00e9es personnelles vous concernant. Si vous souhaitez exercer ce droit, il vous suffit de prendre contact avec le directeur de la publication mentionn\u00e9 ci-dessus. Dans un souci de confidentialit\u00e9, nous nous engageons \u00e0 ne divulguer aucune information que nous sommes amen\u00e9s \u00e0 d\u00e9tenir sur nos visiteurs, aupr\u00e8s de qui que ce soit.<\/p>\t\t\t\t\t\t\t\t<\/div>\n\t\t\t\t<\/div>\n\t\t\t\t\t<\/div>\n\t\t\t\t<\/div>\n\t\t\t\t<\/div>\n\t\t","protected":false},"excerpt":{"rendered":"<p>Mentions l\u00e9gales Conform\u00e9ment aux dispositions des articles 6-III et 19 de la Loi n\u00b0 2004-575 du 21 juin 2004 pour la Confiance dans l\u2019\u00e9conomie num\u00e9rique, dite L.C.E.N., nous portons \u00e0 la connaissance des utilisateurs et visiteurs du site les informations suivantes :Pr\u00e9sentation du site internet de l\u2019entrepriseStatut du propri\u00e9taire : Soci\u00e9t\u00e9Nom de la Soci\u00e9t\u00e9 :&hellip; <a class=\"more-link\" href=\"https:\/\/www.gestoria-barcelona.es\/fr\/mentions-legales\/\">Poursuivre la lecture <span class=\"screen-reader-text\">Mentions l\u00e9gales<\/span><\/a><\/p>\n","protected":false},"author":1,"featured_media":0,"parent":0,"menu_order":0,"comment_status":"closed","ping_status":"closed","template":"elementor_header_footer","meta":{"footnotes":""},"class_list":["post-180","page","type-page","status-publish","hentry","entry"],"yoast_head":"<!-- This site is optimized with the Yoast SEO plugin v27.4 - https:\/\/yoast.com\/product\/yoast-seo-wordpress\/ -->\n<title>Mentions l\u00e9gales<\/title>\n<meta name=\"robots\" content=\"index, follow, max-snippet:-1, max-image-preview:large, max-video-preview:-1\" \/>\n<link rel=\"canonical\" href=\"https:\/\/www.gestoria-barcelona.es\/fr\/mentions-legales\/\" \/>\n<meta property=\"og:locale\" content=\"fr_FR\" \/>\n<meta property=\"og:type\" content=\"article\" \/>\n<meta property=\"og:title\" content=\"Mentions l\u00e9gales\" \/>\n<meta property=\"og:description\" content=\"Mentions l\u00e9gales Conform\u00e9ment aux dispositions des articles 6-III et 19 de la Loi n\u00b0 2004-575 du 21 juin 2004 pour la Confiance dans l\u2019\u00e9conomie num\u00e9rique, dite L.C.E.N., nous portons \u00e0 la connaissance des utilisateurs et visiteurs du site les informations suivantes :Pr\u00e9sentation du site internet de l\u2019entrepriseStatut du propri\u00e9taire : Soci\u00e9t\u00e9Nom de la Soci\u00e9t\u00e9 :&hellip; Poursuivre la lecture Mentions l\u00e9gales\" \/>\n<meta property=\"og:url\" content=\"https:\/\/www.gestoria-barcelona.es\/fr\/mentions-legales\/\" \/>\n<meta property=\"og:site_name\" content=\"gestoria-barcelona\" \/>\n<meta property=\"article:modified_time\" content=\"2024-03-06T12:58:18+00:00\" \/>\n<meta name=\"twitter:card\" content=\"summary_large_image\" \/>\n<meta name=\"twitter:label1\" content=\"Dur\u00e9e de lecture estim\u00e9e\" \/>\n\t<meta name=\"twitter:data1\" content=\"4 minutes\" \/>\n<script type=\"application\/ld+json\" class=\"yoast-schema-graph\">{\"@context\":\"https:\\\/\\\/schema.org\",\"@graph\":[{\"@type\":\"WebPage\",\"@id\":\"https:\\\/\\\/www.gestoria-barcelona.es\\\/fr\\\/mentions-legales\\\/\",\"url\":\"https:\\\/\\\/www.gestoria-barcelona.es\\\/fr\\\/mentions-legales\\\/\",\"name\":\"Mentions l\u00e9gales\",\"isPartOf\":{\"@id\":\"https:\\\/\\\/www.gestoria-barcelona.es\\\/fr\\\/#website\"},\"datePublished\":\"2024-03-06T06:16:30+00:00\",\"dateModified\":\"2024-03-06T12:58:18+00:00\",\"breadcrumb\":{\"@id\":\"https:\\\/\\\/www.gestoria-barcelona.es\\\/fr\\\/mentions-legales\\\/#breadcrumb\"},\"inLanguage\":\"fr-FR\",\"potentialAction\":[{\"@type\":\"ReadAction\",\"target\":[\"https:\\\/\\\/www.gestoria-barcelona.es\\\/fr\\\/mentions-legales\\\/\"]}]},{\"@type\":\"BreadcrumbList\",\"@id\":\"https:\\\/\\\/www.gestoria-barcelona.es\\\/fr\\\/mentions-legales\\\/#breadcrumb\",\"itemListElement\":[{\"@type\":\"ListItem\",\"position\":1,\"name\":\"Home\",\"item\":\"https:\\\/\\\/www.gestoria-barcelona.es\\\/fr\\\/comptabilite-barcelone\\\/\"},{\"@type\":\"ListItem\",\"position\":2,\"name\":\"Mentions l\u00e9gales\"}]},{\"@type\":\"WebSite\",\"@id\":\"https:\\\/\\\/www.gestoria-barcelona.es\\\/fr\\\/#website\",\"url\":\"https:\\\/\\\/www.gestoria-barcelona.es\\\/fr\\\/\",\"name\":\"gestoria-barcelona\",\"description\":\"\",\"publisher\":{\"@id\":\"https:\\\/\\\/www.gestoria-barcelona.es\\\/fr\\\/#organization\"},\"potentialAction\":[{\"@type\":\"SearchAction\",\"target\":{\"@type\":\"EntryPoint\",\"urlTemplate\":\"https:\\\/\\\/www.gestoria-barcelona.es\\\/fr\\\/?s={search_term_string}\"},\"query-input\":{\"@type\":\"PropertyValueSpecification\",\"valueRequired\":true,\"valueName\":\"search_term_string\"}}],\"inLanguage\":\"fr-FR\"},{\"@type\":\"Organization\",\"@id\":\"https:\\\/\\\/www.gestoria-barcelona.es\\\/fr\\\/#organization\",\"name\":\"gestoria-barcelona\",\"url\":\"https:\\\/\\\/www.gestoria-barcelona.es\\\/fr\\\/\",\"logo\":{\"@type\":\"ImageObject\",\"inLanguage\":\"fr-FR\",\"@id\":\"https:\\\/\\\/www.gestoria-barcelona.es\\\/fr\\\/#\\\/schema\\\/logo\\\/image\\\/\",\"url\":\"https:\\\/\\\/www.gestoria-barcelona.es\\\/wp-content\\\/uploads\\\/2024\\\/02\\\/419198195_259343080556244_1195465781908567676_n.png\",\"contentUrl\":\"https:\\\/\\\/www.gestoria-barcelona.es\\\/wp-content\\\/uploads\\\/2024\\\/02\\\/419198195_259343080556244_1195465781908567676_n.png\",\"width\":1688,\"height\":608,\"caption\":\"gestoria-barcelona\"},\"image\":{\"@id\":\"https:\\\/\\\/www.gestoria-barcelona.es\\\/fr\\\/#\\\/schema\\\/logo\\\/image\\\/\"}}]}<\/script>\n<!-- \/ Yoast SEO plugin. -->","yoast_head_json":{"title":"Mentions l\u00e9gales","robots":{"index":"index","follow":"follow","max-snippet":"max-snippet:-1","max-image-preview":"max-image-preview:large","max-video-preview":"max-video-preview:-1"},"canonical":"https:\/\/www.gestoria-barcelona.es\/fr\/mentions-legales\/","og_locale":"fr_FR","og_type":"article","og_title":"Mentions l\u00e9gales","og_description":"Mentions l\u00e9gales Conform\u00e9ment aux dispositions des articles 6-III et 19 de la Loi n\u00b0 2004-575 du 21 juin 2004 pour la Confiance dans l\u2019\u00e9conomie num\u00e9rique, dite L.C.E.N., nous portons \u00e0 la connaissance des utilisateurs et visiteurs du site les informations suivantes :Pr\u00e9sentation du site internet de l\u2019entrepriseStatut du propri\u00e9taire : Soci\u00e9t\u00e9Nom de la Soci\u00e9t\u00e9 :&hellip; Poursuivre la lecture Mentions l\u00e9gales","og_url":"https:\/\/www.gestoria-barcelona.es\/fr\/mentions-legales\/","og_site_name":"gestoria-barcelona","article_modified_time":"2024-03-06T12:58:18+00:00","twitter_card":"summary_large_image","twitter_misc":{"Dur\u00e9e de lecture estim\u00e9e":"4 minutes"},"schema":{"@context":"https:\/\/schema.org","@graph":[{"@type":"WebPage","@id":"https:\/\/www.gestoria-barcelona.es\/fr\/mentions-legales\/","url":"https:\/\/www.gestoria-barcelona.es\/fr\/mentions-legales\/","name":"Mentions l\u00e9gales","isPartOf":{"@id":"https:\/\/www.gestoria-barcelona.es\/fr\/#website"},"datePublished":"2024-03-06T06:16:30+00:00","dateModified":"2024-03-06T12:58:18+00:00","breadcrumb":{"@id":"https:\/\/www.gestoria-barcelona.es\/fr\/mentions-legales\/#breadcrumb"},"inLanguage":"fr-FR","potentialAction":[{"@type":"ReadAction","target":["https:\/\/www.gestoria-barcelona.es\/fr\/mentions-legales\/"]}]},{"@type":"BreadcrumbList","@id":"https:\/\/www.gestoria-barcelona.es\/fr\/mentions-legales\/#breadcrumb","itemListElement":[{"@type":"ListItem","position":1,"name":"Home","item":"https:\/\/www.gestoria-barcelona.es\/fr\/comptabilite-barcelone\/"},{"@type":"ListItem","position":2,"name":"Mentions l\u00e9gales"}]},{"@type":"WebSite","@id":"https:\/\/www.gestoria-barcelona.es\/fr\/#website","url":"https:\/\/www.gestoria-barcelona.es\/fr\/","name":"gestoria-barcelona","description":"","publisher":{"@id":"https:\/\/www.gestoria-barcelona.es\/fr\/#organization"},"potentialAction":[{"@type":"SearchAction","target":{"@type":"EntryPoint","urlTemplate":"https:\/\/www.gestoria-barcelona.es\/fr\/?s={search_term_string}"},"query-input":{"@type":"PropertyValueSpecification","valueRequired":true,"valueName":"search_term_string"}}],"inLanguage":"fr-FR"},{"@type":"Organization","@id":"https:\/\/www.gestoria-barcelona.es\/fr\/#organization","name":"gestoria-barcelona","url":"https:\/\/www.gestoria-barcelona.es\/fr\/","logo":{"@type":"ImageObject","inLanguage":"fr-FR","@id":"https:\/\/www.gestoria-barcelona.es\/fr\/#\/schema\/logo\/image\/","url":"https:\/\/www.gestoria-barcelona.es\/wp-content\/uploads\/2024\/02\/419198195_259343080556244_1195465781908567676_n.png","contentUrl":"https:\/\/www.gestoria-barcelona.es\/wp-content\/uploads\/2024\/02\/419198195_259343080556244_1195465781908567676_n.png","width":1688,"height":608,"caption":"gestoria-barcelona"},"image":{"@id":"https:\/\/www.gestoria-barcelona.es\/fr\/#\/schema\/logo\/image\/"}}]}},"_links":{"self":[{"href":"https:\/\/www.gestoria-barcelona.es\/fr\/wp-json\/wp\/v2\/pages\/180","targetHints":{"allow":["GET"]}}],"collection":[{"href":"https:\/\/www.gestoria-barcelona.es\/fr\/wp-json\/wp\/v2\/pages"}],"about":[{"href":"https:\/\/www.gestoria-barcelona.es\/fr\/wp-json\/wp\/v2\/types\/page"}],"author":[{"embeddable":true,"href":"https:\/\/www.gestoria-barcelona.es\/fr\/wp-json\/wp\/v2\/users\/1"}],"replies":[{"embeddable":true,"href":"https:\/\/www.gestoria-barcelona.es\/fr\/wp-json\/wp\/v2\/comments?post=180"}],"version-history":[{"count":7,"href":"https:\/\/www.gestoria-barcelona.es\/fr\/wp-json\/wp\/v2\/pages\/180\/revisions"}],"predecessor-version":[{"id":270,"href":"https:\/\/www.gestoria-barcelona.es\/fr\/wp-json\/wp\/v2\/pages\/180\/revisions\/270"}],"wp:attachment":[{"href":"https:\/\/www.gestoria-barcelona.es\/fr\/wp-json\/wp\/v2\/media?parent=180"}],"curies":[{"name":"wp","href":"https:\/\/api.w.org\/{rel}","templated":true}]}}