{"id":113,"date":"2024-03-05T13:16:38","date_gmt":"2024-03-05T12:16:38","guid":{"rendered":"https:\/\/www.gestoria-barcelona.es\/?page_id=113"},"modified":"2024-05-17T10:23:01","modified_gmt":"2024-05-17T08:23:01","slug":"statut-autonomo-espagne","status":"publish","type":"page","link":"https:\/\/www.gestoria-barcelona.es\/fr\/statut-autonomo-espagne\/","title":{"rendered":"Statut autonomo Espagne"},"content":{"rendered":"\t\t<div data-elementor-type=\"wp-page\" data-elementor-id=\"113\" class=\"elementor elementor-113\" data-elementor-post-type=\"page\">\n\t\t\t\t<div data-particle_enable=\"false\" data-particle-mobile-disabled=\"false\" class=\"elementor-element elementor-element-e960663 e-flex e-con-boxed e-con e-parent\" data-id=\"e960663\" data-element_type=\"container\" data-e-type=\"container\" data-settings=\"{&quot;background_background&quot;:&quot;classic&quot;}\">\n\t\t\t\t\t<div class=\"e-con-inner\">\n\t\t<div data-particle_enable=\"false\" data-particle-mobile-disabled=\"false\" class=\"elementor-element elementor-element-a5f62d3 e-con-full e-flex e-con e-child\" data-id=\"a5f62d3\" data-element_type=\"container\" data-e-type=\"container\" data-settings=\"{&quot;background_background&quot;:&quot;classic&quot;}\">\n\t\t\t\t<div class=\"elementor-element elementor-element-f661377 elementor-widget elementor-widget-heading\" data-id=\"f661377\" data-element_type=\"widget\" data-e-type=\"widget\" data-widget_type=\"heading.default\">\n\t\t\t\t<div class=\"elementor-widget-container\">\n\t\t\t\t\t<h2 class=\"elementor-heading-title elementor-size-default\">Statut d'autonomie Espagne<\/h2>\t\t\t\t<\/div>\n\t\t\t\t<\/div>\n\t\t\t\t<div class=\"elementor-element elementor-element-4d4f2e3 elementor-widget elementor-widget-text-editor\" data-id=\"4d4f2e3\" data-element_type=\"widget\" data-e-type=\"widget\" data-widget_type=\"text-editor.default\">\n\t\t\t\t<div class=\"elementor-widget-container\">\n\t\t\t\t\t\t\t\t\t<p>Vers l&rsquo;ind\u00e9pendance \u00e9conomique<\/p><div>\u00a0<\/div>\t\t\t\t\t\t\t\t<\/div>\n\t\t\t\t<\/div>\n\t\t\t\t<div class=\"elementor-element elementor-element-75f3559 elementor-align-center elementor-widget elementor-widget-button\" data-id=\"75f3559\" data-element_type=\"widget\" data-e-type=\"widget\" data-widget_type=\"button.default\">\n\t\t\t\t<div class=\"elementor-widget-container\">\n\t\t\t\t\t\t\t\t\t<div class=\"elementor-button-wrapper\">\n\t\t\t\t\t<a class=\"elementor-button elementor-button-link elementor-size-lg elementor-animation-grow\" href=\"https:\/\/www.gestoria-barcelona.es\/contacto\/\">\n\t\t\t\t\t\t<span class=\"elementor-button-content-wrapper\">\n\t\t\t\t\t\t<span class=\"elementor-button-icon\">\n\t\t\t\t<svg aria-hidden=\"true\" class=\"e-font-icon-svg e-far-arrow-alt-circle-right\" viewBox=\"0 0 512 512\" xmlns=\"http:\/\/www.w3.org\/2000\/svg\"><path d=\"M504 256C504 119 393 8 256 8S8 119 8 256s111 248 248 248 248-111 248-248zm-448 0c0-110.5 89.5-200 200-200s200 89.5 200 200-89.5 200-200 200S56 366.5 56 256zm72 20v-40c0-6.6 5.4-12 12-12h116v-67c0-10.7 12.9-16 20.5-8.5l99 99c4.7 4.7 4.7 12.3 0 17l-99 99c-7.6 7.6-20.5 2.2-20.5-8.5v-67H140c-6.6 0-12-5.4-12-12z\"><\/path><\/svg>\t\t\t<\/span>\n\t\t\t\t\t\t\t\t\t<span class=\"elementor-button-text\">Contactez-nous<\/span>\n\t\t\t\t\t<\/span>\n\t\t\t\t\t<\/a>\n\t\t\t\t<\/div>\n\t\t\t\t\t\t\t\t<\/div>\n\t\t\t\t<\/div>\n\t\t\t\t<\/div>\n\t\t<div data-particle_enable=\"false\" data-particle-mobile-disabled=\"false\" class=\"elementor-element elementor-element-9372f95 e-con-full e-flex e-con e-child\" data-id=\"9372f95\" data-element_type=\"container\" data-e-type=\"container\" data-settings=\"{&quot;background_background&quot;:&quot;classic&quot;}\">\n\t\t\t\t<\/div>\n\t\t\t\t\t<\/div>\n\t\t\t\t<\/div>\n\t\t<div data-particle_enable=\"false\" data-particle-mobile-disabled=\"false\" class=\"elementor-element elementor-element-6c9b553 e-flex e-con-boxed e-con e-parent\" data-id=\"6c9b553\" data-element_type=\"container\" data-e-type=\"container\" data-settings=\"{&quot;background_background&quot;:&quot;classic&quot;}\">\n\t\t\t\t\t<div class=\"e-con-inner\">\n\t\t\t\t<div class=\"elementor-element elementor-element-bfbdee9 elementor-widget elementor-widget-heading\" data-id=\"bfbdee9\" data-element_type=\"widget\" data-e-type=\"widget\" data-widget_type=\"heading.default\">\n\t\t\t\t<div class=\"elementor-widget-container\">\n\t\t\t\t\t<h2 class=\"elementor-heading-title elementor-size-default\">Le statut aut\u00f3nomo en Espagne : un choix de libert\u00e9 professionnelle<\/h2>\t\t\t\t<\/div>\n\t\t\t\t<\/div>\n\t\t\t\t<div class=\"elementor-element elementor-element-dbd4da1 elementor-widget elementor-widget-text-editor\" data-id=\"dbd4da1\" data-element_type=\"widget\" data-e-type=\"widget\" data-widget_type=\"text-editor.default\">\n\t\t\t\t<div class=\"elementor-widget-container\">\n\t\t\t\t\t\t\t\t\t<p>Bienvenue dans notre exploration approfondie du\u00a0<strong>statut autonomo espagne<\/strong>. Un pilier fondamental de l&rsquo;activit\u00e9 ind\u00e9pendante dans le pays. En Espagne, \u00eatre aut\u00f3nomo signifie bien plus qu&rsquo;\u00eatre simplement un travailleur ind\u00e9pendant. C&rsquo;est un choix crucial pour ceux qui cherchent \u00e0 \u00e9tablir leur entreprise et \u00e0 g\u00e9rer leur activit\u00e9 professionnelle. Ce statut favorise une flexibilit\u00e9 entrepreneuriale. Il engage \u00e9galement les individus dans une responsabilit\u00e9 limit\u00e9e. Au c\u0153ur de cette aventure, se trouvent des questions cruciales. Notamment les cotisations sociales, les imp\u00f4ts sur le revenu et la\u00a0s\u00e9curit\u00e9 sociale. Des \u00e9l\u00e9ments incontournables pour tout travailleur ind\u00e9pendant ou entrepreneur en Espagne.\u00a0<\/p>\t\t\t\t\t\t\t\t<\/div>\n\t\t\t\t<\/div>\n\t\t\t\t\t<\/div>\n\t\t\t\t<\/div>\n\t\t<div data-particle_enable=\"false\" data-particle-mobile-disabled=\"false\" class=\"elementor-element elementor-element-82351a6 e-flex e-con-boxed e-con e-parent\" data-id=\"82351a6\" data-element_type=\"container\" data-e-type=\"container\" data-settings=\"{&quot;background_background&quot;:&quot;classic&quot;}\">\n\t\t\t\t\t<div class=\"e-con-inner\">\n\t\t<div data-particle_enable=\"false\" data-particle-mobile-disabled=\"false\" class=\"elementor-element elementor-element-7c07f5a e-con-full e-flex e-con e-child\" data-id=\"7c07f5a\" data-element_type=\"container\" data-e-type=\"container\">\n\t\t\t\t<div class=\"elementor-element elementor-element-78672b0 elementor-widget elementor-widget-heading\" data-id=\"78672b0\" data-element_type=\"widget\" data-e-type=\"widget\" data-widget_type=\"heading.default\">\n\t\t\t\t<div class=\"elementor-widget-container\">\n\t\t\t\t\t<h2 class=\"elementor-heading-title elementor-size-default\">Avantages du Statut Aut\u00f3nomo\u00a0<\/h2>\t\t\t\t<\/div>\n\t\t\t\t<\/div>\n\t\t\t\t<div class=\"elementor-element elementor-element-326f4a6 elementor-widget elementor-widget-text-editor\" data-id=\"326f4a6\" data-element_type=\"widget\" data-e-type=\"widget\" data-widget_type=\"text-editor.default\">\n\t\t\t\t<div class=\"elementor-widget-container\">\n\t\t\t\t\t\t\t\t\tD\u00e9couvrir les avantages du statut autonomo espagne ouvre les portes \u00e0 une gestion entrepreneuriale plus flexible et \u00e0 des opportunit\u00e9s fiscales prometteuses. Ce statut est essentiel pour toute\u00a0<a href=\"https:\/\/www.gestoria-barcelona.es\/\" style=\"color:#D10C2A;\">entreprise de gestion \u00e0 Barcelone<\/a> ou \u00e0 travers l&rsquo;Espagne. Il offre une approche unique pour les\u00a0<strong>travailleurs ind\u00e9pendants<\/strong>\u00a0et entrepreneurs.\t\t\t\t\t\t\t\t<\/div>\n\t\t\t\t<\/div>\n\t\t\t\t<\/div>\n\t\t<div data-particle_enable=\"false\" data-particle-mobile-disabled=\"false\" class=\"elementor-element elementor-element-4eca9a0 e-con-full e-flex e-con e-child\" data-id=\"4eca9a0\" data-element_type=\"container\" data-e-type=\"container\">\n\t\t\t\t<div class=\"elementor-element elementor-element-11bb3cd elementor-widget elementor-widget-image\" data-id=\"11bb3cd\" data-element_type=\"widget\" data-e-type=\"widget\" data-widget_type=\"image.default\">\n\t\t\t\t<div class=\"elementor-widget-container\">\n\t\t\t\t\t\t\t\t\t\t\t\t\t\t\t<img fetchpriority=\"high\" decoding=\"async\" width=\"750\" height=\"500\" src=\"https:\/\/www.gestoria-barcelona.es\/wp-content\/uploads\/2024\/03\/imgpsh_fullsize_anim-min-1024x683.jpg\" class=\"attachment-large size-large wp-image-139\" alt=\"\" srcset=\"https:\/\/www.gestoria-barcelona.es\/wp-content\/uploads\/2024\/03\/imgpsh_fullsize_anim-min-1024x683.jpg 1024w, https:\/\/www.gestoria-barcelona.es\/wp-content\/uploads\/2024\/03\/imgpsh_fullsize_anim-min-300x200.jpg 300w, https:\/\/www.gestoria-barcelona.es\/wp-content\/uploads\/2024\/03\/imgpsh_fullsize_anim-min-768x512.jpg 768w, https:\/\/www.gestoria-barcelona.es\/wp-content\/uploads\/2024\/03\/imgpsh_fullsize_anim-min-1536x1024.jpg 1536w, https:\/\/www.gestoria-barcelona.es\/wp-content\/uploads\/2024\/03\/imgpsh_fullsize_anim-min-2048x1366.jpg 2048w, https:\/\/www.gestoria-barcelona.es\/wp-content\/uploads\/2024\/03\/imgpsh_fullsize_anim-min-1568x1045.jpg 1568w\" sizes=\"(max-width: 750px) 100vw, 750px\" style=\"width:100%;height:66.68%;max-width:2560px\" \/>\t\t\t\t\t\t\t\t\t\t\t\t\t\t\t<\/div>\n\t\t\t\t<\/div>\n\t\t\t\t<\/div>\n\t\t\t\t\t<\/div>\n\t\t\t\t<\/div>\n\t\t<div data-particle_enable=\"false\" data-particle-mobile-disabled=\"false\" class=\"elementor-element elementor-element-3a6c1e5 e-flex e-con-boxed e-con e-parent\" data-id=\"3a6c1e5\" data-element_type=\"container\" data-e-type=\"container\" data-settings=\"{&quot;background_background&quot;:&quot;classic&quot;}\">\n\t\t\t\t\t<div class=\"e-con-inner\">\n\t\t\t\t<div class=\"elementor-element elementor-element-7348d3b elementor-widget elementor-widget-heading\" data-id=\"7348d3b\" data-element_type=\"widget\" data-e-type=\"widget\" data-widget_type=\"heading.default\">\n\t\t\t\t<div class=\"elementor-widget-container\">\n\t\t\t\t\t<h2 class=\"elementor-heading-title elementor-size-default\">Flexibilit\u00e9 dans la gestion de votre entreprise<\/h2>\t\t\t\t<\/div>\n\t\t\t\t<\/div>\n\t\t\t\t<div class=\"elementor-element elementor-element-04d4fc9 elementor-widget elementor-widget-text-editor\" data-id=\"04d4fc9\" data-element_type=\"widget\" data-e-type=\"widget\" data-widget_type=\"text-editor.default\">\n\t\t\t\t<div class=\"elementor-widget-container\">\n\t\t\t\t\t\t\t\t\t<p>L&rsquo;un des points forts du statut autonomo espagne est la flexibilit\u00e9 qu&rsquo;il offre dans la gestion quotidienne des affaires d\u2019une soci\u00e9t\u00e9. Les entrepreneurs peuvent structurer leur activit\u00e9 pour r\u00e9pondre efficacement aux exigences du march\u00e9. Pour cela, ils\u00a0ajustent leurs horaires\u00a0et leurs m\u00e9thodes de travail selon leurs besoins.<\/p>\t\t\t\t\t\t\t\t<\/div>\n\t\t\t\t<\/div>\n\t\t\t\t\t<\/div>\n\t\t\t\t<\/div>\n\t\t<div data-particle_enable=\"false\" data-particle-mobile-disabled=\"false\" class=\"elementor-element elementor-element-6ce8a55 e-flex e-con-boxed e-con e-parent\" data-id=\"6ce8a55\" data-element_type=\"container\" data-e-type=\"container\" data-settings=\"{&quot;background_background&quot;:&quot;classic&quot;}\">\n\t\t\t\t\t<div class=\"e-con-inner\">\n\t\t<div data-particle_enable=\"false\" data-particle-mobile-disabled=\"false\" class=\"elementor-element elementor-element-a0b7948 e-con-full e-flex e-con e-child\" data-id=\"a0b7948\" data-element_type=\"container\" data-e-type=\"container\">\n\t\t\t\t<div class=\"elementor-element elementor-element-12bb57b elementor-widget elementor-widget-heading\" data-id=\"12bb57b\" data-element_type=\"widget\" data-e-type=\"widget\" data-widget_type=\"heading.default\">\n\t\t\t\t<div class=\"elementor-widget-container\">\n\t\t\t\t\t<h2 class=\"elementor-heading-title elementor-size-default\">Avantages fiscaux potentiels\n<\/h2>\t\t\t\t<\/div>\n\t\t\t\t<\/div>\n\t\t\t\t<div class=\"elementor-element elementor-element-155d314 elementor-widget elementor-widget-text-editor\" data-id=\"155d314\" data-element_type=\"widget\" data-e-type=\"widget\" data-widget_type=\"text-editor.default\">\n\t\t\t\t<div class=\"elementor-widget-container\">\n\t\t\t\t\t\t\t\t\t<p>Le statut Aut\u00f3nomo s&rsquo;accompagne de b\u00e9n\u00e9fices fiscaux significatifs. Des montants de cotisations sociales aux\u00a0<strong>imp\u00f4ts sur les revenu<\/strong>s, les travailleurs ind\u00e9pendants tirent parti de r\u00e9gimes fiscaux favorables. Maximisant ainsi leur\u00a0rentabilit\u00e9\u00a0et stimulant le d\u00e9veloppement de leur entreprise<\/p>\t\t\t\t\t\t\t\t<\/div>\n\t\t\t\t<\/div>\n\t\t\t\t<\/div>\n\t\t<div data-particle_enable=\"false\" data-particle-mobile-disabled=\"false\" class=\"elementor-element elementor-element-50a1115 e-con-full e-flex e-con e-child\" data-id=\"50a1115\" data-element_type=\"container\" data-e-type=\"container\">\n\t\t\t\t<div class=\"elementor-element elementor-element-03f820f elementor-widget elementor-widget-image\" data-id=\"03f820f\" data-element_type=\"widget\" data-e-type=\"widget\" data-widget_type=\"image.default\">\n\t\t\t\t<div class=\"elementor-widget-container\">\n\t\t\t\t\t\t\t\t\t\t\t\t\t\t\t<img decoding=\"async\" width=\"750\" height=\"450\" src=\"https:\/\/www.gestoria-barcelona.es\/wp-content\/uploads\/2024\/03\/P3P2-min-1024x614.jpg\" class=\"attachment-large size-large wp-image-124\" alt=\"\" srcset=\"https:\/\/www.gestoria-barcelona.es\/wp-content\/uploads\/2024\/03\/P3P2-min-1024x614.jpg 1024w, https:\/\/www.gestoria-barcelona.es\/wp-content\/uploads\/2024\/03\/P3P2-min-300x180.jpg 300w, https:\/\/www.gestoria-barcelona.es\/wp-content\/uploads\/2024\/03\/P3P2-min-768x461.jpg 768w, https:\/\/www.gestoria-barcelona.es\/wp-content\/uploads\/2024\/03\/P3P2-min-1536x922.jpg 1536w, https:\/\/www.gestoria-barcelona.es\/wp-content\/uploads\/2024\/03\/P3P2-min-2048x1229.jpg 2048w, https:\/\/www.gestoria-barcelona.es\/wp-content\/uploads\/2024\/03\/P3P2-min-1568x941.jpg 1568w\" sizes=\"(max-width: 750px) 100vw, 750px\" style=\"width:100%;height:60%;max-width:2560px\" \/>\t\t\t\t\t\t\t\t\t\t\t\t\t\t\t<\/div>\n\t\t\t\t<\/div>\n\t\t\t\t<\/div>\n\t\t\t\t\t<\/div>\n\t\t\t\t<\/div>\n\t\t<div data-particle_enable=\"false\" data-particle-mobile-disabled=\"false\" class=\"elementor-element elementor-element-e2290f0 e-flex e-con-boxed e-con e-parent\" data-id=\"e2290f0\" data-element_type=\"container\" data-e-type=\"container\" data-settings=\"{&quot;background_background&quot;:&quot;classic&quot;}\">\n\t\t\t\t\t<div class=\"e-con-inner\">\n\t\t<div data-particle_enable=\"false\" data-particle-mobile-disabled=\"false\" class=\"elementor-element elementor-element-f650443 e-con-full e-flex e-con e-child\" data-id=\"f650443\" data-element_type=\"container\" data-e-type=\"container\">\n\t\t\t\t<div class=\"elementor-element elementor-element-13e39a0 elementor-widget elementor-widget-heading\" data-id=\"13e39a0\" data-element_type=\"widget\" data-e-type=\"widget\" data-widget_type=\"heading.default\">\n\t\t\t\t<div class=\"elementor-widget-container\">\n\t\t\t\t\t<h2 class=\"elementor-heading-title elementor-size-default\">Guidance \u00e0 travers les points cl\u00e9\n<div><span style=\"letter-spacing: var(--heading--letter-spacing-h2);text-align: var(--text-align);background-color: var(--global--color-background)\"><\/span><br><\/div><\/h2>\t\t\t\t<\/div>\n\t\t\t\t<\/div>\n\t\t\t\t<div class=\"elementor-element elementor-element-80f5d8c elementor-widget elementor-widget-text-editor\" data-id=\"80f5d8c\" data-element_type=\"widget\" data-e-type=\"widget\" data-widget_type=\"text-editor.default\">\n\t\t\t\t<div class=\"elementor-widget-container\">\n\t\t\t\t\t\t\t\t\t<p>Notre guide d\u00e9taill\u00e9 vous accompagne \u00e0 travers les aspects essentiels du statut autonomo espagne. Vous aidant \u00e0 naviguer avec succ\u00e8s dans les complexit\u00e9s administratives et fiscales de ce r\u00e9gime. Vous prosp\u00e9rerez ainsi en toute confiance.<\/p>\t\t\t\t\t\t\t\t<\/div>\n\t\t\t\t<\/div>\n\t\t\t\t<\/div>\n\t\t<div data-particle_enable=\"false\" data-particle-mobile-disabled=\"false\" class=\"elementor-element elementor-element-f058c4c e-con-full e-flex e-con e-child\" data-id=\"f058c4c\" data-element_type=\"container\" data-e-type=\"container\">\n\t\t\t\t<div class=\"elementor-element elementor-element-1fc81ed elementor-widget elementor-widget-image\" data-id=\"1fc81ed\" data-element_type=\"widget\" data-e-type=\"widget\" data-widget_type=\"image.default\">\n\t\t\t\t<div class=\"elementor-widget-container\">\n\t\t\t\t\t\t\t\t\t\t\t\t\t\t\t<img decoding=\"async\" width=\"750\" height=\"500\" src=\"https:\/\/www.gestoria-barcelona.es\/wp-content\/uploads\/2024\/03\/P3P3-min-1024x683.jpg\" class=\"attachment-large size-large wp-image-130\" alt=\"\" srcset=\"https:\/\/www.gestoria-barcelona.es\/wp-content\/uploads\/2024\/03\/P3P3-min-1024x683.jpg 1024w, https:\/\/www.gestoria-barcelona.es\/wp-content\/uploads\/2024\/03\/P3P3-min-300x200.jpg 300w, https:\/\/www.gestoria-barcelona.es\/wp-content\/uploads\/2024\/03\/P3P3-min-768x512.jpg 768w, https:\/\/www.gestoria-barcelona.es\/wp-content\/uploads\/2024\/03\/P3P3-min-1536x1025.jpg 1536w, https:\/\/www.gestoria-barcelona.es\/wp-content\/uploads\/2024\/03\/P3P3-min-1568x1046.jpg 1568w\" sizes=\"(max-width: 750px) 100vw, 750px\" style=\"width:100%;height:66.73%;max-width:7722px\" \/>\t\t\t\t\t\t\t\t\t\t\t\t\t\t\t<\/div>\n\t\t\t\t<\/div>\n\t\t\t\t<\/div>\n\t\t\t\t\t<\/div>\n\t\t\t\t<\/div>\n\t\t<div data-particle_enable=\"false\" data-particle-mobile-disabled=\"false\" class=\"elementor-element elementor-element-9928c4a e-flex e-con-boxed e-con e-parent\" data-id=\"9928c4a\" data-element_type=\"container\" data-e-type=\"container\" data-settings=\"{&quot;background_background&quot;:&quot;classic&quot;}\">\n\t\t\t\t\t<div class=\"e-con-inner\">\n\t\t\t\t<div class=\"elementor-element elementor-element-cc5da67 elementor-widget elementor-widget-spacer\" data-id=\"cc5da67\" data-element_type=\"widget\" data-e-type=\"widget\" data-widget_type=\"spacer.default\">\n\t\t\t\t<div class=\"elementor-widget-container\">\n\t\t\t\t\t\t\t<div class=\"elementor-spacer\">\n\t\t\t<div class=\"elementor-spacer-inner\"><\/div>\n\t\t<\/div>\n\t\t\t\t\t\t<\/div>\n\t\t\t\t<\/div>\n\t\t\t\t\t<\/div>\n\t\t\t\t<\/div>\n\t\t<div data-particle_enable=\"false\" data-particle-mobile-disabled=\"false\" class=\"elementor-element elementor-element-8a4f22d e-flex e-con-boxed e-con e-parent\" data-id=\"8a4f22d\" data-element_type=\"container\" data-e-type=\"container\" data-settings=\"{&quot;background_background&quot;:&quot;classic&quot;}\">\n\t\t\t\t\t<div class=\"e-con-inner\">\n\t\t<div data-particle_enable=\"false\" data-particle-mobile-disabled=\"false\" class=\"elementor-element elementor-element-95df9ab e-con-full animated-slow e-flex elementor-invisible e-con e-child\" data-id=\"95df9ab\" data-element_type=\"container\" data-e-type=\"container\" data-settings=\"{&quot;animation&quot;:&quot;fadeInUp&quot;,&quot;animation_delay&quot;:150}\">\n\t\t\t\t<div class=\"elementor-element elementor-element-615100f elementor-widget__width-initial elementor-view-stacked elementor-shape-circle elementor-position-block-start elementor-mobile-position-block-start elementor-widget elementor-widget-icon-box\" data-id=\"615100f\" data-element_type=\"widget\" data-e-type=\"widget\" data-widget_type=\"icon-box.default\">\n\t\t\t\t<div class=\"elementor-widget-container\">\n\t\t\t\t\t\t\t<div class=\"elementor-icon-box-wrapper\">\n\n\t\t\t\t\t\t<div class=\"elementor-icon-box-icon\">\n\t\t\t\t<span  class=\"elementor-icon\">\n\t\t\t\t<svg aria-hidden=\"true\" class=\"e-font-icon-svg e-fas-tools\" viewBox=\"0 0 512 512\" xmlns=\"http:\/\/www.w3.org\/2000\/svg\"><path d=\"M501.1 395.7L384 278.6c-23.1-23.1-57.6-27.6-85.4-13.9L192 158.1V96L64 0 0 64l96 128h62.1l106.6 106.6c-13.6 27.8-9.2 62.3 13.9 85.4l117.1 117.1c14.6 14.6 38.2 14.6 52.7 0l52.7-52.7c14.5-14.6 14.5-38.2 0-52.7zM331.7 225c28.3 0 54.9 11 74.9 31l19.4 19.4c15.8-6.9 30.8-16.5 43.8-29.5 37.1-37.1 49.7-89.3 37.9-136.7-2.2-9-13.5-12.1-20.1-5.5l-74.4 74.4-67.9-11.3L334 98.9l74.4-74.4c6.6-6.6 3.4-17.9-5.7-20.2-47.4-11.7-99.6.9-136.6 37.9-28.5 28.5-41.9 66.1-41.2 103.6l82.1 82.1c8.1-1.9 16.5-2.9 24.7-2.9zm-103.9 82l-56.7-56.7L18.7 402.8c-25 25-25 65.5 0 90.5s65.5 25 90.5 0l123.6-123.6c-7.6-19.9-9.9-41.6-5-62.7zM64 472c-13.2 0-24-10.8-24-24 0-13.3 10.7-24 24-24s24 10.7 24 24c0 13.2-10.7 24-24 24z\"><\/path><\/svg>\t\t\t\t<\/span>\n\t\t\t<\/div>\n\t\t\t\n\t\t\t\t\t\t<div class=\"elementor-icon-box-content\">\n\n\t\t\t\t\t\t\t\t\t<h3 class=\"elementor-icon-box-title\">\n\t\t\t\t\t\t<span  >\n\t\t\t\t\t\t\tProcessus de Constitution en Aut\u00f3nomo\u00a0\t\t\t\t\t\t<\/span>\n\t\t\t\t\t<\/h3>\n\t\t\t\t\n\t\t\t\t\t\t\t\t\t<p class=\"elementor-icon-box-description\">\n\t\t\t\t\t\tPlongez dans le monde de l'entrepreneuriat en Espagne en explorant les \u00e9tapes essentielles du processus de constitution en tant qu'Aut\u00f3nomo. Notre expertise vous accompagne pour assurer une transition fluide et une compr\u00e9hension approfondie des obligations fiscales. Ainsi que des cotisations sociales et du statut autonomo espagne. Que vous soyez travailleur ind\u00e9pendant, entrepreneur ou aspirant \u00e0 la cr\u00e9ation de votre propre entreprise.\n\t\t\t\t\t<\/p>\n\t\t\t\t\n\t\t\t<\/div>\n\t\t\t\n\t\t<\/div>\n\t\t\t\t\t\t<\/div>\n\t\t\t\t<\/div>\n\t\t\t\t<\/div>\n\t\t<div data-particle_enable=\"false\" data-particle-mobile-disabled=\"false\" class=\"elementor-element elementor-element-9ab916d e-con-full animated-slow e-flex elementor-invisible e-con e-child\" data-id=\"9ab916d\" data-element_type=\"container\" data-e-type=\"container\" data-settings=\"{&quot;animation&quot;:&quot;fadeInUp&quot;,&quot;animation_delay&quot;:150}\">\n\t\t\t\t<div class=\"elementor-element elementor-element-df2ef44 elementor-widget__width-initial elementor-view-stacked elementor-shape-circle elementor-position-block-start elementor-mobile-position-block-start elementor-widget elementor-widget-icon-box\" data-id=\"df2ef44\" data-element_type=\"widget\" data-e-type=\"widget\" data-widget_type=\"icon-box.default\">\n\t\t\t\t<div class=\"elementor-widget-container\">\n\t\t\t\t\t\t\t<div class=\"elementor-icon-box-wrapper\">\n\n\t\t\t\t\t\t<div class=\"elementor-icon-box-icon\">\n\t\t\t\t<span  class=\"elementor-icon\">\n\t\t\t\t<svg aria-hidden=\"true\" class=\"e-font-icon-svg e-far-id-card\" viewBox=\"0 0 576 512\" xmlns=\"http:\/\/www.w3.org\/2000\/svg\"><path d=\"M528 32H48C21.5 32 0 53.5 0 80v352c0 26.5 21.5 48 48 48h480c26.5 0 48-21.5 48-48V80c0-26.5-21.5-48-48-48zm0 400H303.2c.9-4.5.8 3.6.8-22.4 0-31.8-30.1-57.6-67.2-57.6-10.8 0-18.7 8-44.8 8-26.9 0-33.4-8-44.8-8-37.1 0-67.2 25.8-67.2 57.6 0 26-.2 17.9.8 22.4H48V144h480v288zm-168-80h112c4.4 0 8-3.6 8-8v-16c0-4.4-3.6-8-8-8H360c-4.4 0-8 3.6-8 8v16c0 4.4 3.6 8 8 8zm0-64h112c4.4 0 8-3.6 8-8v-16c0-4.4-3.6-8-8-8H360c-4.4 0-8 3.6-8 8v16c0 4.4 3.6 8 8 8zm0-64h112c4.4 0 8-3.6 8-8v-16c0-4.4-3.6-8-8-8H360c-4.4 0-8 3.6-8 8v16c0 4.4 3.6 8 8 8zm-168 96c35.3 0 64-28.7 64-64s-28.7-64-64-64-64 28.7-64 64 28.7 64 64 64z\"><\/path><\/svg>\t\t\t\t<\/span>\n\t\t\t<\/div>\n\t\t\t\n\t\t\t\t\t\t<div class=\"elementor-icon-box-content\">\n\n\t\t\t\t\t\t\t\t\t<h3 class=\"elementor-icon-box-title\">\n\t\t\t\t\t\t<span  >\n\t\t\t\t\t\t\tInscription et choix du statut aut\u00f3nomo\t\t\t\t\t\t<\/span>\n\t\t\t\t\t<\/h3>\n\t\t\t\t\n\t\t\t\t\t\t\t\t\t<p class=\"elementor-icon-box-description\">\n\t\t\t\t\t\tLa premi\u00e8re \u00e9tape cruciale consiste \u00e0 s'inscrire en tant qu'Aut\u00f3nomo en Espagne. Cela implique de choisir le<strong>\u00a0statut appropri\u00e9<\/strong>\u00a0en fonction de votre activit\u00e9, vos besoins et vos objectifs professionnels. Notre assistance personnalis\u00e9e vous accompagne \u00e9galement dans l'inscription et dans le choix du statut autonomo Espagne. Garantissant que chaque d\u00e9cision prise contribue \u00e0 la r\u00e9ussite de votre entreprise ind\u00e9pendante en Espagne.\t\t\t\t\t<\/p>\n\t\t\t\t\n\t\t\t<\/div>\n\t\t\t\n\t\t<\/div>\n\t\t\t\t\t\t<\/div>\n\t\t\t\t<\/div>\n\t\t\t\t<\/div>\n\t\t\t\t\t<\/div>\n\t\t\t\t<\/div>\n\t\t<div data-particle_enable=\"false\" data-particle-mobile-disabled=\"false\" class=\"elementor-element elementor-element-3bfcf51 e-flex e-con-boxed e-con e-parent\" data-id=\"3bfcf51\" data-element_type=\"container\" data-e-type=\"container\" data-settings=\"{&quot;background_background&quot;:&quot;classic&quot;}\">\n\t\t\t\t\t<div class=\"e-con-inner\">\n\t\t<div data-particle_enable=\"false\" data-particle-mobile-disabled=\"false\" class=\"elementor-element elementor-element-d6bcdef e-con-full animated-slow e-flex elementor-invisible e-con e-child\" data-id=\"d6bcdef\" data-element_type=\"container\" data-e-type=\"container\" data-settings=\"{&quot;animation&quot;:&quot;fadeInUp&quot;,&quot;animation_delay&quot;:150}\">\n\t\t\t\t<div class=\"elementor-element elementor-element-d1406e7 elementor-widget__width-initial elementor-view-stacked elementor-shape-circle elementor-position-block-start elementor-mobile-position-block-start elementor-widget elementor-widget-icon-box\" data-id=\"d1406e7\" data-element_type=\"widget\" data-e-type=\"widget\" data-widget_type=\"icon-box.default\">\n\t\t\t\t<div class=\"elementor-widget-container\">\n\t\t\t\t\t\t\t<div class=\"elementor-icon-box-wrapper\">\n\n\t\t\t\t\t\t<div class=\"elementor-icon-box-icon\">\n\t\t\t\t<span  class=\"elementor-icon\">\n\t\t\t\t<svg aria-hidden=\"true\" class=\"e-font-icon-svg e-far-handshake\" viewBox=\"0 0 640 512\" xmlns=\"http:\/\/www.w3.org\/2000\/svg\"><path d=\"M519.2 127.9l-47.6-47.6A56.252 56.252 0 0 0 432 64H205.2c-14.8 0-29.1 5.9-39.6 16.3L118 127.9H0v255.7h64c17.6 0 31.8-14.2 31.9-31.7h9.1l84.6 76.4c30.9 25.1 73.8 25.7 105.6 3.8 12.5 10.8 26 15.9 41.1 15.9 18.2 0 35.3-7.4 48.8-24 22.1 8.7 48.2 2.6 64-16.8l26.2-32.3c5.6-6.9 9.1-14.8 10.9-23h57.9c.1 17.5 14.4 31.7 31.9 31.7h64V127.9H519.2zM48 351.6c-8.8 0-16-7.2-16-16s7.2-16 16-16 16 7.2 16 16c0 8.9-7.2 16-16 16zm390-6.9l-26.1 32.2c-2.8 3.4-7.8 4-11.3 1.2l-23.9-19.4-30 36.5c-6 7.3-15 4.8-18 2.4l-36.8-31.5-15.6 19.2c-13.9 17.1-39.2 19.7-55.3 6.6l-97.3-88H96V175.8h41.9l61.7-61.6c2-.8 3.7-1.5 5.7-2.3H262l-38.7 35.5c-29.4 26.9-31.1 72.3-4.4 101.3 14.8 16.2 61.2 41.2 101.5 4.4l8.2-7.5 108.2 87.8c3.4 2.8 3.9 7.9 1.2 11.3zm106-40.8h-69.2c-2.3-2.8-4.9-5.4-7.7-7.7l-102.7-83.4 12.5-11.4c6.5-6 7-16.1 1-22.6L367 167.1c-6-6.5-16.1-6.9-22.6-1l-55.2 50.6c-9.5 8.7-25.7 9.4-34.6 0-9.3-9.9-8.5-25.1 1.2-33.9l65.6-60.1c7.4-6.8 17-10.5 27-10.5l83.7-.2c2.1 0 4.1.8 5.5 2.3l61.7 61.6H544v128zm48 47.7c-8.8 0-16-7.2-16-16s7.2-16 16-16 16 7.2 16 16c0 8.9-7.2 16-16 16z\"><\/path><\/svg>\t\t\t\t<\/span>\n\t\t\t<\/div>\n\t\t\t\n\t\t\t\t\t\t<div class=\"elementor-icon-box-content\">\n\n\t\t\t\t\t\t\t\t\t<h3 class=\"elementor-icon-box-title\">\n\t\t\t\t\t\t<span  >\n\t\t\t\t\t\t\tObligations fiscales et cotisations sociales\t\t\t\t\t\t<\/span>\n\t\t\t\t\t<\/h3>\n\t\t\t\t\n\t\t\t\t\t\t\t\t\t<p class=\"elementor-icon-box-description\">\n\t\t\t\t\t\tComprenez les obligations fiscales qui accompagnent le statut Aut\u00f3nomo. Y compris les montants de cotisations sociales et les imp\u00f4ts sur les revenus. Familiarisez-vous avec les d\u00e9marches aupr\u00e8s de\u00a0l'administration fiscale\u00a0espagnole. Ces \u00e9tapes assureront une conformit\u00e9 totale. Nous vous guiderons \u00e9videmment pour faciliter votre compr\u00e9hension.\u00a0\t\t\t\t\t<\/p>\n\t\t\t\t\n\t\t\t<\/div>\n\t\t\t\n\t\t<\/div>\n\t\t\t\t\t\t<\/div>\n\t\t\t\t<\/div>\n\t\t\t\t<\/div>\n\t\t<div data-particle_enable=\"false\" data-particle-mobile-disabled=\"false\" class=\"elementor-element elementor-element-ae13235 e-con-full animated-slow e-flex elementor-invisible e-con e-child\" data-id=\"ae13235\" data-element_type=\"container\" data-e-type=\"container\" data-settings=\"{&quot;animation&quot;:&quot;fadeInUp&quot;,&quot;animation_delay&quot;:150}\">\n\t\t\t\t<div class=\"elementor-element elementor-element-ac0a1fa elementor-widget__width-initial elementor-view-stacked elementor-shape-circle elementor-position-block-start elementor-mobile-position-block-start elementor-widget elementor-widget-icon-box\" data-id=\"ac0a1fa\" data-element_type=\"widget\" data-e-type=\"widget\" data-widget_type=\"icon-box.default\">\n\t\t\t\t<div class=\"elementor-widget-container\">\n\t\t\t\t\t\t\t<div class=\"elementor-icon-box-wrapper\">\n\n\t\t\t\t\t\t<div class=\"elementor-icon-box-icon\">\n\t\t\t\t<span  class=\"elementor-icon\">\n\t\t\t\t<svg aria-hidden=\"true\" class=\"e-font-icon-svg e-far-check-circle\" viewBox=\"0 0 512 512\" xmlns=\"http:\/\/www.w3.org\/2000\/svg\"><path d=\"M256 8C119.033 8 8 119.033 8 256s111.033 248 248 248 248-111.033 248-248S392.967 8 256 8zm0 48c110.532 0 200 89.451 200 200 0 110.532-89.451 200-200 200-110.532 0-200-89.451-200-200 0-110.532 89.451-200 200-200m140.204 130.267l-22.536-22.718c-4.667-4.705-12.265-4.736-16.97-.068L215.346 303.697l-59.792-60.277c-4.667-4.705-12.265-4.736-16.97-.069l-22.719 22.536c-4.705 4.667-4.736 12.265-.068 16.971l90.781 91.516c4.667 4.705 12.265 4.736 16.97.068l172.589-171.204c4.704-4.668 4.734-12.266.067-16.971z\"><\/path><\/svg>\t\t\t\t<\/span>\n\t\t\t<\/div>\n\t\t\t\n\t\t\t\t\t\t<div class=\"elementor-icon-box-content\">\n\n\t\t\t\t\t\t\t\t\t<h3 class=\"elementor-icon-box-title\">\n\t\t\t\t\t\t<span  >\n\t\t\t\t\t\t\tLancement de votre activit\u00e9 en toute confiance\t\t\t\t\t\t<\/span>\n\t\t\t\t\t<\/h3>\n\t\t\t\t\n\t\t\t\t\t\t\t\t\t<p class=\"elementor-icon-box-description\">\n\t\t\t\t\t\tEn suivant ces \u00e9tapes m\u00e9thodiques, vous serez pr\u00eat \u00e0 lancer votre activit\u00e9 en tant qu'Aut\u00f3nomo en Espagne. Notre objectif est de vous fournir les connaissances n\u00e9cessaires pour entreprendre ce processus avec assurance. Ainsi que pour r\u00e9ussir dans votre entreprise ind\u00e9pendante.\t\t\t\t\t<\/p>\n\t\t\t\t\n\t\t\t<\/div>\n\t\t\t\n\t\t<\/div>\n\t\t\t\t\t\t<\/div>\n\t\t\t\t<\/div>\n\t\t\t\t<\/div>\n\t\t\t\t\t<\/div>\n\t\t\t\t<\/div>\n\t\t<div data-particle_enable=\"false\" data-particle-mobile-disabled=\"false\" class=\"elementor-element elementor-element-8cfa5fe e-flex e-con-boxed e-con e-parent\" data-id=\"8cfa5fe\" data-element_type=\"container\" data-e-type=\"container\" data-settings=\"{&quot;background_background&quot;:&quot;classic&quot;}\">\n\t\t\t\t\t<div class=\"e-con-inner\">\n\t\t\t\t<div class=\"elementor-element elementor-element-b328439 elementor-widget elementor-widget-spacer\" data-id=\"b328439\" data-element_type=\"widget\" data-e-type=\"widget\" data-widget_type=\"spacer.default\">\n\t\t\t\t<div class=\"elementor-widget-container\">\n\t\t\t\t\t\t\t<div class=\"elementor-spacer\">\n\t\t\t<div class=\"elementor-spacer-inner\"><\/div>\n\t\t<\/div>\n\t\t\t\t\t\t<\/div>\n\t\t\t\t<\/div>\n\t\t\t\t\t<\/div>\n\t\t\t\t<\/div>\n\t\t<div data-particle_enable=\"false\" data-particle-mobile-disabled=\"false\" class=\"elementor-element elementor-element-8125747 e-flex e-con-boxed e-con e-parent\" data-id=\"8125747\" data-element_type=\"container\" data-e-type=\"container\" data-settings=\"{&quot;background_background&quot;:&quot;classic&quot;}\">\n\t\t\t\t\t<div class=\"e-con-inner\">\n\t\t<div data-particle_enable=\"false\" data-particle-mobile-disabled=\"false\" class=\"elementor-element elementor-element-f8cd3b5 e-con-full e-flex e-con e-child\" data-id=\"f8cd3b5\" data-element_type=\"container\" data-e-type=\"container\">\n\t\t\t\t<div class=\"elementor-element elementor-element-83bb41f elementor-widget elementor-widget-heading\" data-id=\"83bb41f\" data-element_type=\"widget\" data-e-type=\"widget\" data-widget_type=\"heading.default\">\n\t\t\t\t<div class=\"elementor-widget-container\">\n\t\t\t\t\t<h2 class=\"elementor-heading-title elementor-size-default\">Gestion administrative continue\u00a0<\/h2>\t\t\t\t<\/div>\n\t\t\t\t<\/div>\n\t\t\t\t<div class=\"elementor-element elementor-element-4ba34c6 elementor-widget elementor-widget-text-editor\" data-id=\"4ba34c6\" data-element_type=\"widget\" data-e-type=\"widget\" data-widget_type=\"text-editor.default\">\n\t\t\t\t<div class=\"elementor-widget-container\">\n\t\t\t\t\t\t\t\t\t<p>Une fois que vous avez acquis le statut Aut\u00f3nomo en Espagne, notre cabinet s&rsquo;engage \u00e0 vous fournir un soutien administratif continu. Vous aurez ainsi la possibilit\u00e9 de vous concentrer pleinement sur votre activit\u00e9 ind\u00e9pendante. Nous comprenons que la gestion administrative d\u2019une soci\u00e9t\u00e9 est parfois complexe. C&rsquo;est pourquoi nous sommes l\u00e0 pour vous accompagner pendant le processus. Notre assistance englobe la d\u00e9claration des imp\u00f4ts. Garantissant une conformit\u00e9 totale avec les r\u00e9glementations en vigueur. Nous prenons en charge les\u00a0aspects bureaucratiques. Vous consacrerez donc votre temps et votre \u00e9nergie \u00e0 d\u00e9velopper votre entreprise en toute confiance. Avec notre expertise dans le domaine du statut Aut\u00f3nomo en Espagne, nous nous assurons que vous restiez sur la bonne voie sur le plan administratif. Offrant la tranquillit\u00e9 d&rsquo;esprit n\u00e9cessaire pour prosp\u00e9rer en tant qu&rsquo;ind\u00e9pendant.<\/p>\t\t\t\t\t\t\t\t<\/div>\n\t\t\t\t<\/div>\n\t\t\t\t<\/div>\n\t\t<div data-particle_enable=\"false\" data-particle-mobile-disabled=\"false\" class=\"elementor-element elementor-element-138e9bb e-con-full e-flex e-con e-child\" data-id=\"138e9bb\" data-element_type=\"container\" data-e-type=\"container\">\n\t\t\t\t<div class=\"elementor-element elementor-element-216ae0f elementor-widget elementor-widget-image\" data-id=\"216ae0f\" data-element_type=\"widget\" data-e-type=\"widget\" data-widget_type=\"image.default\">\n\t\t\t\t<div class=\"elementor-widget-container\">\n\t\t\t\t\t\t\t\t\t\t\t\t\t\t\t<img loading=\"lazy\" decoding=\"async\" width=\"750\" height=\"448\" src=\"https:\/\/www.gestoria-barcelona.es\/wp-content\/uploads\/2024\/03\/P3P4-min-1024x611.jpg\" class=\"attachment-large size-large wp-image-131\" alt=\"\" srcset=\"https:\/\/www.gestoria-barcelona.es\/wp-content\/uploads\/2024\/03\/P3P4-min-1024x611.jpg 1024w, https:\/\/www.gestoria-barcelona.es\/wp-content\/uploads\/2024\/03\/P3P4-min-300x179.jpg 300w, https:\/\/www.gestoria-barcelona.es\/wp-content\/uploads\/2024\/03\/P3P4-min-768x458.jpg 768w, https:\/\/www.gestoria-barcelona.es\/wp-content\/uploads\/2024\/03\/P3P4-min-1536x916.jpg 1536w, https:\/\/www.gestoria-barcelona.es\/wp-content\/uploads\/2024\/03\/P3P4-min-2048x1222.jpg 2048w, https:\/\/www.gestoria-barcelona.es\/wp-content\/uploads\/2024\/03\/P3P4-min-1568x935.jpg 1568w\" sizes=\"(max-width: 750px) 100vw, 750px\" style=\"width:100%;height:59.65%;max-width:2560px\" \/>\t\t\t\t\t\t\t\t\t\t\t\t\t\t\t<\/div>\n\t\t\t\t<\/div>\n\t\t\t\t<\/div>\n\t\t\t\t\t<\/div>\n\t\t\t\t<\/div>\n\t\t<div data-particle_enable=\"false\" data-particle-mobile-disabled=\"false\" class=\"elementor-element elementor-element-eaf4d97 e-flex e-con-boxed e-con e-parent\" data-id=\"eaf4d97\" data-element_type=\"container\" data-e-type=\"container\" data-settings=\"{&quot;background_background&quot;:&quot;classic&quot;}\">\n\t\t\t\t\t<div class=\"e-con-inner\">\n\t\t<div data-particle_enable=\"false\" data-particle-mobile-disabled=\"false\" class=\"elementor-element elementor-element-bafe8a6 e-flex e-con-boxed e-con e-child\" data-id=\"bafe8a6\" data-element_type=\"container\" data-e-type=\"container\">\n\t\t\t\t\t<div class=\"e-con-inner\">\n\t\t\t\t<div class=\"elementor-element elementor-element-20e1ac7 elementor-widget elementor-widget-heading\" data-id=\"20e1ac7\" data-element_type=\"widget\" data-e-type=\"widget\" data-widget_type=\"heading.default\">\n\t\t\t\t<div class=\"elementor-widget-container\">\n\t\t\t\t\t<h2 class=\"elementor-heading-title elementor-size-default\">T\u00e9moignages de succ\u00e8s Aut\u00f3nomo\u00a0<\/h2>\t\t\t\t<\/div>\n\t\t\t\t<\/div>\n\t\t\t\t<div class=\"elementor-element elementor-element-64d451f elementor-widget elementor-widget-text-editor\" data-id=\"64d451f\" data-element_type=\"widget\" data-e-type=\"widget\" data-widget_type=\"text-editor.default\">\n\t\t\t\t<div class=\"elementor-widget-container\">\n\t\t\t\t\t\t\t\t\t<p>D\u00e9couvrez les parcours inspirants de ceux qui ont r\u00e9ussi en tant qu&rsquo;Aut\u00f3nomo avec le pr\u00e9cieux soutien du Cabinet Comptable Barcelone. Ces t\u00e9moignages r\u00e9v\u00e8lent notre d\u00e9vouement envers votre succ\u00e8s professionnel\u00a0<\/p>\t\t\t\t\t\t\t\t<\/div>\n\t\t\t\t<\/div>\n\t\t\t\t\t<\/div>\n\t\t\t\t<\/div>\n\t\t\t\t<div class=\"elementor-element elementor-element-5fd68db elementor-testimonial--skin-bubble elementor-testimonial--layout-image_inline elementor-testimonial--align-center elementor-arrows-yes elementor-pagination-type-bullets elementor-widget elementor-widget-testimonial-carousel\" data-id=\"5fd68db\" data-element_type=\"widget\" data-e-type=\"widget\" data-settings=\"{&quot;show_arrows&quot;:&quot;yes&quot;,&quot;pagination&quot;:&quot;bullets&quot;,&quot;speed&quot;:500,&quot;autoplay&quot;:&quot;yes&quot;,&quot;autoplay_speed&quot;:5000,&quot;loop&quot;:&quot;yes&quot;,&quot;pause_on_hover&quot;:&quot;yes&quot;,&quot;pause_on_interaction&quot;:&quot;yes&quot;,&quot;space_between&quot;:{&quot;unit&quot;:&quot;px&quot;,&quot;size&quot;:10,&quot;sizes&quot;:[]},&quot;space_between_tablet&quot;:{&quot;unit&quot;:&quot;px&quot;,&quot;size&quot;:10,&quot;sizes&quot;:[]},&quot;space_between_mobile&quot;:{&quot;unit&quot;:&quot;px&quot;,&quot;size&quot;:10,&quot;sizes&quot;:[]}}\" data-widget_type=\"testimonial-carousel.default\">\n\t\t\t\t<div class=\"elementor-widget-container\">\n\t\t\t\t\t\t\t\t\t<div class=\"elementor-swiper\">\n\t\t\t\t\t<div class=\"elementor-main-swiper swiper\" role=\"region\" aria-roledescription=\"carousel\" aria-label=\"Diapositives\">\n\t\t\t\t<div class=\"swiper-wrapper\">\n\t\t\t\t\t\t\t\t\t\t\t<div class=\"swiper-slide\" role=\"group\" aria-roledescription=\"slide\">\n\t\t\t\t\t\t\t\t\t<div class=\"elementor-testimonial\">\n\t\t\t\t\t\t\t<div class=\"elementor-testimonial__content\">\n\t\t\t\t\t<div class=\"elementor-testimonial__text\">\n\t\t\t\t\t\tgr\u00e2ce \u00e0 leur expertise du statut Aut\u00f3nomo en Espagne, le Cabinet Comptable Barcelone a simplifi\u00e9 mes d\u00e9marches administratives. Aujourd'hui, je prosp\u00e8re en tant qu'entrepreneure ind\u00e9pendante avec une tranquillit\u00e9 d'esprit financi\u00e8re.\t\t\t\t\t<\/div>\n\t\t\t\t\t\t\t\t\t<\/div>\n\t\t\t\t\t\t<div class=\"elementor-testimonial__footer\">\n\t\t\t\t\t\t\t\t<cite class=\"elementor-testimonial__cite\"><span class=\"elementor-testimonial__name\">Ana<\/span><\/cite>\t\t\t<\/div>\n\t\t<\/div>\n\t\t\t\t\t\t\t\t<\/div>\n\t\t\t\t\t\t\t\t\t\t\t<div class=\"swiper-slide\" role=\"group\" aria-roledescription=\"slide\">\n\t\t\t\t\t\t\t\t\t<div class=\"elementor-testimonial\">\n\t\t\t\t\t\t\t<div class=\"elementor-testimonial__content\">\n\t\t\t\t\t<div class=\"elementor-testimonial__text\">\n\t\t\t\t\t\tleur\u00a0assistance proactive\u00a0dans la gestion des imp\u00f4ts et des cotisations a d\u00e9pass\u00e9 mes attentes. En tant qu'Aut\u00f3nomo, je me sens soutenu et en confiance pour faire cro\u00eetre mon entreprise. \t\t\t\t\t<\/div>\n\t\t\t\t\t\t\t\t\t<\/div>\n\t\t\t\t\t\t<div class=\"elementor-testimonial__footer\">\n\t\t\t\t\t\t\t\t<cite class=\"elementor-testimonial__cite\"><span class=\"elementor-testimonial__name\">Carlos<\/span><\/cite>\t\t\t<\/div>\n\t\t<\/div>\n\t\t\t\t\t\t\t\t<\/div>\n\t\t\t\t\t\t\t\t\t\t\t<div class=\"swiper-slide\" role=\"group\" aria-roledescription=\"slide\">\n\t\t\t\t\t\t\t\t\t<div class=\"elementor-testimonial\">\n\t\t\t\t\t\t\t<div class=\"elementor-testimonial__content\">\n\t\t\t\t\t<div class=\"elementor-testimonial__text\">\n\t\t\t\t\t\tla transition vers le statut Aut\u00f3nomo a \u00e9t\u00e9 sans heurts gr\u00e2ce \u00e0 l'accompagnement expert du Cabinet Comptable Barcelone. Mes responsabilit\u00e9s fiscales sont entre de bonnes mains, me laissant me concentrer sur mon travail\t\t\t\t\t<\/div>\n\t\t\t\t\t\t\t\t\t<\/div>\n\t\t\t\t\t\t<div class=\"elementor-testimonial__footer\">\n\t\t\t\t\t\t\t\t<cite class=\"elementor-testimonial__cite\"><span class=\"elementor-testimonial__name\">Elena<\/span><\/cite>\t\t\t<\/div>\n\t\t<\/div>\n\t\t\t\t\t\t\t\t<\/div>\n\t\t\t\t\t\t\t\t\t<\/div>\n\t\t\t\t\t\t\t\t\t\t\t\t\t\t\t<div class=\"elementor-swiper-button elementor-swiper-button-prev\" role=\"button\" tabindex=\"0\" aria-label=\"Pr\u00e9c\u00e9dent\">\n\t\t\t\t\t\t\t<svg aria-hidden=\"true\" class=\"e-font-icon-svg e-eicon-chevron-left\" viewBox=\"0 0 1000 1000\" xmlns=\"http:\/\/www.w3.org\/2000\/svg\"><path d=\"M646 125C629 125 613 133 604 142L308 442C296 454 292 471 292 487 292 504 296 521 308 533L604 854C617 867 629 875 646 875 663 875 679 871 692 858 704 846 713 829 713 812 713 796 708 779 692 767L438 487 692 225C700 217 708 204 708 187 708 171 704 154 692 142 675 129 663 125 646 125Z\"><\/path><\/svg>\t\t\t\t\t\t<\/div>\n\t\t\t\t\t\t<div class=\"elementor-swiper-button elementor-swiper-button-next\" role=\"button\" tabindex=\"0\" aria-label=\"Suivant\">\n\t\t\t\t\t\t\t<svg aria-hidden=\"true\" class=\"e-font-icon-svg e-eicon-chevron-right\" viewBox=\"0 0 1000 1000\" xmlns=\"http:\/\/www.w3.org\/2000\/svg\"><path d=\"M696 533C708 521 713 504 713 487 713 471 708 454 696 446L400 146C388 133 375 125 354 125 338 125 325 129 313 142 300 154 292 171 292 187 292 204 296 221 308 233L563 492 304 771C292 783 288 800 288 817 288 833 296 850 308 863 321 871 338 875 354 875 371 875 388 867 400 854L696 533Z\"><\/path><\/svg>\t\t\t\t\t\t<\/div>\n\t\t\t\t\t\t\t\t\t\t\t\t\t\t\t\t<div class=\"swiper-pagination\"><\/div>\n\t\t\t\t\t\t\t\t\t\t\t\t<\/div>\n\t\t\t\t<\/div>\n\t\t\t\t\t\t\t\t<\/div>\n\t\t\t\t<\/div>\n\t\t\t\t\t<\/div>\n\t\t\t\t<\/div>\n\t\t<div data-particle_enable=\"false\" data-particle-mobile-disabled=\"false\" class=\"elementor-element elementor-element-985f604 e-flex e-con-boxed e-con e-parent\" data-id=\"985f604\" data-element_type=\"container\" data-e-type=\"container\" data-settings=\"{&quot;background_background&quot;:&quot;classic&quot;}\">\n\t\t\t\t\t<div class=\"e-con-inner\">\n\t\t\t\t<div class=\"elementor-element elementor-element-f1e19de elementor-widget elementor-widget-heading\" data-id=\"f1e19de\" data-element_type=\"widget\" data-e-type=\"widget\" data-widget_type=\"heading.default\">\n\t\t\t\t<div class=\"elementor-widget-container\">\n\t\t\t\t\t<h2 class=\"elementor-heading-title elementor-size-default\">Contactez-nous pour une Assistance Expert sur le Statut Aut\u00f3nomo\u00a0<\/h2>\t\t\t\t<\/div>\n\t\t\t\t<\/div>\n\t\t\t\t<div class=\"elementor-element elementor-element-ee29450 elementor-widget elementor-widget-text-editor\" data-id=\"ee29450\" data-element_type=\"widget\" data-e-type=\"widget\" data-widget_type=\"text-editor.default\">\n\t\t\t\t<div class=\"elementor-widget-container\">\n\t\t\t\t\t\t\t\t\t<p>Besoin d&rsquo;aide pour comprendre le statut Aut\u00f3nomo en Espagne ? Notre \u00e9quipe experte est pr\u00eate \u00e0 vous guider \u00e0 travers les aspects administratifs, fiscaux et s\u00e9curitaires. Contactez-nous aujourd&rsquo;hui pour une&nbsp;assistance personnalis\u00e9e. Optimisez votre activit\u00e9 en tant qu&rsquo;ind\u00e9pendant ou entrepreneur en Espagne.<\/p>\t\t\t\t\t\t\t\t<\/div>\n\t\t\t\t<\/div>\n\t\t\t\t<div class=\"elementor-element elementor-element-9516671 elementor-align-center elementor-widget elementor-widget-button\" data-id=\"9516671\" data-element_type=\"widget\" data-e-type=\"widget\" data-widget_type=\"button.default\">\n\t\t\t\t<div class=\"elementor-widget-container\">\n\t\t\t\t\t\t\t\t\t<div class=\"elementor-button-wrapper\">\n\t\t\t\t\t<a class=\"elementor-button elementor-button-link elementor-size-lg elementor-animation-grow\" href=\"https:\/\/www.gestoria-barcelona.es\/contacto\/\">\n\t\t\t\t\t\t<span class=\"elementor-button-content-wrapper\">\n\t\t\t\t\t\t\t\t\t<span class=\"elementor-button-text\">CONTACTEZ-NOUS<\/span>\n\t\t\t\t\t<\/span>\n\t\t\t\t\t<\/a>\n\t\t\t\t<\/div>\n\t\t\t\t\t\t\t\t<\/div>\n\t\t\t\t<\/div>\n\t\t\t\t\t<\/div>\n\t\t\t\t<\/div>\n\t\t\t\t<\/div>\n\t\t","protected":false},"excerpt":{"rendered":"<p>Statut d&rsquo;autonomie Espagne Vers l&rsquo;ind\u00e9pendance \u00e9conomique \u00a0 Contactez-nous Le statut aut\u00f3nomo en Espagne : un choix de libert\u00e9 professionnelle Bienvenue dans notre exploration approfondie du\u00a0statut autonomo espagne. Un pilier fondamental de l&rsquo;activit\u00e9 ind\u00e9pendante dans le pays. En Espagne, \u00eatre aut\u00f3nomo signifie bien plus qu&rsquo;\u00eatre simplement un travailleur ind\u00e9pendant. C&rsquo;est un choix crucial pour ceux qui&hellip; <a class=\"more-link\" href=\"https:\/\/www.gestoria-barcelona.es\/fr\/statut-autonomo-espagne\/\">Poursuivre la lecture <span class=\"screen-reader-text\">Statut autonomo Espagne<\/span><\/a><\/p>\n","protected":false},"author":1,"featured_media":902,"parent":0,"menu_order":0,"comment_status":"closed","ping_status":"closed","template":"elementor_header_footer","meta":{"footnotes":""},"class_list":["post-113","page","type-page","status-publish","has-post-thumbnail","hentry","entry"],"yoast_head":"<!-- This site is optimized with the Yoast SEO plugin v27.4 - https:\/\/yoast.com\/product\/yoast-seo-wordpress\/ -->\n<title>Statut Autonomo Espagne : Cr\u00e9ez votre Statut Facilement<\/title>\n<meta name=\"description\" content=\"Statut Autonomo Espagne : Nous vous aidons pour la cr\u00e9ation de votre statut Autonomo en Espagne : d\u00e9marches, fiscalit\u00e9 et avantages. Assistance personnalis\u00e9e pour les travailleurs ind\u00e9pendants, gagnez en confiance dans votre parcours professionnel en comprenant les tenants et aboutissants de ce statut unique en Espagne\" \/>\n<meta name=\"robots\" content=\"index, follow, max-snippet:-1, max-image-preview:large, max-video-preview:-1\" \/>\n<link rel=\"canonical\" href=\"https:\/\/www.gestoria-barcelona.es\/fr\/statut-autonomo-espagne\/\" \/>\n<meta property=\"og:locale\" content=\"fr_FR\" \/>\n<meta property=\"og:type\" content=\"article\" \/>\n<meta property=\"og:title\" content=\"Statut Autonomo Espagne : Cr\u00e9ez votre Statut Facilement\" \/>\n<meta property=\"og:description\" content=\"Statut Autonomo Espagne : Nous vous aidons pour la cr\u00e9ation de votre statut Autonomo en Espagne : d\u00e9marches, fiscalit\u00e9 et avantages. Assistance personnalis\u00e9e pour les travailleurs ind\u00e9pendants, gagnez en confiance dans votre parcours professionnel en comprenant les tenants et aboutissants de ce statut unique en Espagne\" \/>\n<meta property=\"og:url\" content=\"https:\/\/www.gestoria-barcelona.es\/fr\/statut-autonomo-espagne\/\" \/>\n<meta property=\"og:site_name\" content=\"gestoria-barcelona\" \/>\n<meta property=\"article:modified_time\" content=\"2024-05-17T08:23:01+00:00\" \/>\n<meta property=\"og:image\" content=\"https:\/\/www.gestoria-barcelona.es\/wp-content\/uploads\/2024\/04\/statut-autonomo-espagne.jpg\" \/>\n\t<meta property=\"og:image:width\" content=\"500\" \/>\n\t<meta property=\"og:image:height\" content=\"334\" \/>\n\t<meta property=\"og:image:type\" content=\"image\/jpeg\" \/>\n<meta name=\"twitter:card\" content=\"summary_large_image\" \/>\n<meta name=\"twitter:label1\" content=\"Dur\u00e9e de lecture estim\u00e9e\" \/>\n\t<meta name=\"twitter:data1\" content=\"5 minutes\" \/>\n<script type=\"application\/ld+json\" class=\"yoast-schema-graph\">{\"@context\":\"https:\\\/\\\/schema.org\",\"@graph\":[{\"@type\":\"WebPage\",\"@id\":\"https:\\\/\\\/www.gestoria-barcelona.es\\\/fr\\\/statut-autonomo-espagne\\\/\",\"url\":\"https:\\\/\\\/www.gestoria-barcelona.es\\\/fr\\\/statut-autonomo-espagne\\\/\",\"name\":\"Statut Autonomo Espagne : Cr\u00e9ez votre Statut Facilement\",\"isPartOf\":{\"@id\":\"https:\\\/\\\/www.gestoria-barcelona.es\\\/fr\\\/#website\"},\"primaryImageOfPage\":{\"@id\":\"https:\\\/\\\/www.gestoria-barcelona.es\\\/fr\\\/statut-autonomo-espagne\\\/#primaryimage\"},\"image\":{\"@id\":\"https:\\\/\\\/www.gestoria-barcelona.es\\\/fr\\\/statut-autonomo-espagne\\\/#primaryimage\"},\"thumbnailUrl\":\"https:\\\/\\\/www.gestoria-barcelona.es\\\/wp-content\\\/uploads\\\/2024\\\/04\\\/statut-autonomo-espagne.jpg\",\"datePublished\":\"2024-03-05T12:16:38+00:00\",\"dateModified\":\"2024-05-17T08:23:01+00:00\",\"description\":\"Statut Autonomo Espagne : Nous vous aidons pour la cr\u00e9ation de votre statut Autonomo en Espagne : d\u00e9marches, fiscalit\u00e9 et avantages. Assistance personnalis\u00e9e pour les travailleurs ind\u00e9pendants, gagnez en confiance dans votre parcours professionnel en comprenant les tenants et aboutissants de ce statut unique en Espagne\",\"breadcrumb\":{\"@id\":\"https:\\\/\\\/www.gestoria-barcelona.es\\\/fr\\\/statut-autonomo-espagne\\\/#breadcrumb\"},\"inLanguage\":\"fr-FR\",\"potentialAction\":[{\"@type\":\"ReadAction\",\"target\":[\"https:\\\/\\\/www.gestoria-barcelona.es\\\/fr\\\/statut-autonomo-espagne\\\/\"]}]},{\"@type\":\"ImageObject\",\"inLanguage\":\"fr-FR\",\"@id\":\"https:\\\/\\\/www.gestoria-barcelona.es\\\/fr\\\/statut-autonomo-espagne\\\/#primaryimage\",\"url\":\"https:\\\/\\\/www.gestoria-barcelona.es\\\/wp-content\\\/uploads\\\/2024\\\/04\\\/statut-autonomo-espagne.jpg\",\"contentUrl\":\"https:\\\/\\\/www.gestoria-barcelona.es\\\/wp-content\\\/uploads\\\/2024\\\/04\\\/statut-autonomo-espagne.jpg\",\"width\":500,\"height\":334,\"caption\":\"statut-autonomo-espagne\"},{\"@type\":\"BreadcrumbList\",\"@id\":\"https:\\\/\\\/www.gestoria-barcelona.es\\\/fr\\\/statut-autonomo-espagne\\\/#breadcrumb\",\"itemListElement\":[{\"@type\":\"ListItem\",\"position\":1,\"name\":\"Home\",\"item\":\"https:\\\/\\\/www.gestoria-barcelona.es\\\/fr\\\/comptabilite-barcelone\\\/\"},{\"@type\":\"ListItem\",\"position\":2,\"name\":\"Statut autonomo Espagne\"}]},{\"@type\":\"WebSite\",\"@id\":\"https:\\\/\\\/www.gestoria-barcelona.es\\\/fr\\\/#website\",\"url\":\"https:\\\/\\\/www.gestoria-barcelona.es\\\/fr\\\/\",\"name\":\"gestoria-barcelona\",\"description\":\"\",\"publisher\":{\"@id\":\"https:\\\/\\\/www.gestoria-barcelona.es\\\/fr\\\/#organization\"},\"potentialAction\":[{\"@type\":\"SearchAction\",\"target\":{\"@type\":\"EntryPoint\",\"urlTemplate\":\"https:\\\/\\\/www.gestoria-barcelona.es\\\/fr\\\/?s={search_term_string}\"},\"query-input\":{\"@type\":\"PropertyValueSpecification\",\"valueRequired\":true,\"valueName\":\"search_term_string\"}}],\"inLanguage\":\"fr-FR\"},{\"@type\":\"Organization\",\"@id\":\"https:\\\/\\\/www.gestoria-barcelona.es\\\/fr\\\/#organization\",\"name\":\"gestoria-barcelona\",\"url\":\"https:\\\/\\\/www.gestoria-barcelona.es\\\/fr\\\/\",\"logo\":{\"@type\":\"ImageObject\",\"inLanguage\":\"fr-FR\",\"@id\":\"https:\\\/\\\/www.gestoria-barcelona.es\\\/fr\\\/#\\\/schema\\\/logo\\\/image\\\/\",\"url\":\"https:\\\/\\\/www.gestoria-barcelona.es\\\/wp-content\\\/uploads\\\/2024\\\/02\\\/419198195_259343080556244_1195465781908567676_n.png\",\"contentUrl\":\"https:\\\/\\\/www.gestoria-barcelona.es\\\/wp-content\\\/uploads\\\/2024\\\/02\\\/419198195_259343080556244_1195465781908567676_n.png\",\"width\":1688,\"height\":608,\"caption\":\"gestoria-barcelona\"},\"image\":{\"@id\":\"https:\\\/\\\/www.gestoria-barcelona.es\\\/fr\\\/#\\\/schema\\\/logo\\\/image\\\/\"}}]}<\/script>\n<!-- \/ Yoast SEO plugin. -->","yoast_head_json":{"title":"Statut Autonomo Espagne : Cr\u00e9ez votre Statut Facilement","description":"Statut Autonomo Espagne : Nous vous aidons pour la cr\u00e9ation de votre statut Autonomo en Espagne : d\u00e9marches, fiscalit\u00e9 et avantages. Assistance personnalis\u00e9e pour les travailleurs ind\u00e9pendants, gagnez en confiance dans votre parcours professionnel en comprenant les tenants et aboutissants de ce statut unique en Espagne","robots":{"index":"index","follow":"follow","max-snippet":"max-snippet:-1","max-image-preview":"max-image-preview:large","max-video-preview":"max-video-preview:-1"},"canonical":"https:\/\/www.gestoria-barcelona.es\/fr\/statut-autonomo-espagne\/","og_locale":"fr_FR","og_type":"article","og_title":"Statut Autonomo Espagne : Cr\u00e9ez votre Statut Facilement","og_description":"Statut Autonomo Espagne : Nous vous aidons pour la cr\u00e9ation de votre statut Autonomo en Espagne : d\u00e9marches, fiscalit\u00e9 et avantages. Assistance personnalis\u00e9e pour les travailleurs ind\u00e9pendants, gagnez en confiance dans votre parcours professionnel en comprenant les tenants et aboutissants de ce statut unique en Espagne","og_url":"https:\/\/www.gestoria-barcelona.es\/fr\/statut-autonomo-espagne\/","og_site_name":"gestoria-barcelona","article_modified_time":"2024-05-17T08:23:01+00:00","og_image":[{"width":500,"height":334,"url":"https:\/\/www.gestoria-barcelona.es\/wp-content\/uploads\/2024\/04\/statut-autonomo-espagne.jpg","type":"image\/jpeg"}],"twitter_card":"summary_large_image","twitter_misc":{"Dur\u00e9e de lecture estim\u00e9e":"5 minutes"},"schema":{"@context":"https:\/\/schema.org","@graph":[{"@type":"WebPage","@id":"https:\/\/www.gestoria-barcelona.es\/fr\/statut-autonomo-espagne\/","url":"https:\/\/www.gestoria-barcelona.es\/fr\/statut-autonomo-espagne\/","name":"Statut Autonomo Espagne : Cr\u00e9ez votre Statut Facilement","isPartOf":{"@id":"https:\/\/www.gestoria-barcelona.es\/fr\/#website"},"primaryImageOfPage":{"@id":"https:\/\/www.gestoria-barcelona.es\/fr\/statut-autonomo-espagne\/#primaryimage"},"image":{"@id":"https:\/\/www.gestoria-barcelona.es\/fr\/statut-autonomo-espagne\/#primaryimage"},"thumbnailUrl":"https:\/\/www.gestoria-barcelona.es\/wp-content\/uploads\/2024\/04\/statut-autonomo-espagne.jpg","datePublished":"2024-03-05T12:16:38+00:00","dateModified":"2024-05-17T08:23:01+00:00","description":"Statut Autonomo Espagne : Nous vous aidons pour la cr\u00e9ation de votre statut Autonomo en Espagne : d\u00e9marches, fiscalit\u00e9 et avantages. Assistance personnalis\u00e9e pour les travailleurs ind\u00e9pendants, gagnez en confiance dans votre parcours professionnel en comprenant les tenants et aboutissants de ce statut unique en Espagne","breadcrumb":{"@id":"https:\/\/www.gestoria-barcelona.es\/fr\/statut-autonomo-espagne\/#breadcrumb"},"inLanguage":"fr-FR","potentialAction":[{"@type":"ReadAction","target":["https:\/\/www.gestoria-barcelona.es\/fr\/statut-autonomo-espagne\/"]}]},{"@type":"ImageObject","inLanguage":"fr-FR","@id":"https:\/\/www.gestoria-barcelona.es\/fr\/statut-autonomo-espagne\/#primaryimage","url":"https:\/\/www.gestoria-barcelona.es\/wp-content\/uploads\/2024\/04\/statut-autonomo-espagne.jpg","contentUrl":"https:\/\/www.gestoria-barcelona.es\/wp-content\/uploads\/2024\/04\/statut-autonomo-espagne.jpg","width":500,"height":334,"caption":"statut-autonomo-espagne"},{"@type":"BreadcrumbList","@id":"https:\/\/www.gestoria-barcelona.es\/fr\/statut-autonomo-espagne\/#breadcrumb","itemListElement":[{"@type":"ListItem","position":1,"name":"Home","item":"https:\/\/www.gestoria-barcelona.es\/fr\/comptabilite-barcelone\/"},{"@type":"ListItem","position":2,"name":"Statut autonomo Espagne"}]},{"@type":"WebSite","@id":"https:\/\/www.gestoria-barcelona.es\/fr\/#website","url":"https:\/\/www.gestoria-barcelona.es\/fr\/","name":"gestoria-barcelona","description":"","publisher":{"@id":"https:\/\/www.gestoria-barcelona.es\/fr\/#organization"},"potentialAction":[{"@type":"SearchAction","target":{"@type":"EntryPoint","urlTemplate":"https:\/\/www.gestoria-barcelona.es\/fr\/?s={search_term_string}"},"query-input":{"@type":"PropertyValueSpecification","valueRequired":true,"valueName":"search_term_string"}}],"inLanguage":"fr-FR"},{"@type":"Organization","@id":"https:\/\/www.gestoria-barcelona.es\/fr\/#organization","name":"gestoria-barcelona","url":"https:\/\/www.gestoria-barcelona.es\/fr\/","logo":{"@type":"ImageObject","inLanguage":"fr-FR","@id":"https:\/\/www.gestoria-barcelona.es\/fr\/#\/schema\/logo\/image\/","url":"https:\/\/www.gestoria-barcelona.es\/wp-content\/uploads\/2024\/02\/419198195_259343080556244_1195465781908567676_n.png","contentUrl":"https:\/\/www.gestoria-barcelona.es\/wp-content\/uploads\/2024\/02\/419198195_259343080556244_1195465781908567676_n.png","width":1688,"height":608,"caption":"gestoria-barcelona"},"image":{"@id":"https:\/\/www.gestoria-barcelona.es\/fr\/#\/schema\/logo\/image\/"}}]}},"_links":{"self":[{"href":"https:\/\/www.gestoria-barcelona.es\/fr\/wp-json\/wp\/v2\/pages\/113","targetHints":{"allow":["GET"]}}],"collection":[{"href":"https:\/\/www.gestoria-barcelona.es\/fr\/wp-json\/wp\/v2\/pages"}],"about":[{"href":"https:\/\/www.gestoria-barcelona.es\/fr\/wp-json\/wp\/v2\/types\/page"}],"author":[{"embeddable":true,"href":"https:\/\/www.gestoria-barcelona.es\/fr\/wp-json\/wp\/v2\/users\/1"}],"replies":[{"embeddable":true,"href":"https:\/\/www.gestoria-barcelona.es\/fr\/wp-json\/wp\/v2\/comments?post=113"}],"version-history":[{"count":142,"href":"https:\/\/www.gestoria-barcelona.es\/fr\/wp-json\/wp\/v2\/pages\/113\/revisions"}],"predecessor-version":[{"id":1274,"href":"https:\/\/www.gestoria-barcelona.es\/fr\/wp-json\/wp\/v2\/pages\/113\/revisions\/1274"}],"wp:featuredmedia":[{"embeddable":true,"href":"https:\/\/www.gestoria-barcelona.es\/fr\/wp-json\/wp\/v2\/media\/902"}],"wp:attachment":[{"href":"https:\/\/www.gestoria-barcelona.es\/fr\/wp-json\/wp\/v2\/media?parent=113"}],"curies":[{"name":"wp","href":"https:\/\/api.w.org\/{rel}","templated":true}]}}